{"id":1379,"date":"2024-10-01T14:10:04","date_gmt":"2024-10-01T12:10:04","guid":{"rendered":"http:\/\/jean-jacques-wunenburger.com\/?page_id=1379"},"modified":"2024-10-01T16:20:27","modified_gmt":"2024-10-01T14:20:27","slug":"dernieres-publications","status":"publish","type":"page","link":"https:\/\/jean-jacques-wunenburger.com\/index.php\/dernieres-publications\/","title":{"rendered":"Derni\u00e8res publications"},"content":{"rendered":"\t\t<div data-elementor-type=\"wp-page\" data-elementor-id=\"1379\" class=\"elementor elementor-1379\">\n\t\t\t\t\t\t<section class=\"elementor-section elementor-top-section elementor-element elementor-element-212ff02 elementor-section-boxed elementor-section-height-default elementor-section-height-default\" data-id=\"212ff02\" data-element_type=\"section\" data-e-type=\"section\">\n\t\t\t\t\t\t<div class=\"elementor-container elementor-column-gap-default\">\n\t\t\t\t\t<div class=\"elementor-column elementor-col-100 elementor-top-column elementor-element elementor-element-4f22552\" data-id=\"4f22552\" data-element_type=\"column\" data-e-type=\"column\">\n\t\t\t<div class=\"elementor-widget-wrap elementor-element-populated\">\n\t\t\t\t\t\t<div class=\"elementor-element elementor-element-5cf6495 elementor-widget elementor-widget-heading\" data-id=\"5cf6495\" data-element_type=\"widget\" data-e-type=\"widget\" data-widget_type=\"heading.default\">\n\t\t\t\t<div class=\"elementor-widget-container\">\n\t\t\t\t\t<h1 class=\"elementor-heading-title elementor-size-xxl\">Derni\u00e8res publications <\/h1>\t\t\t\t<\/div>\n\t\t\t\t<\/div>\n\t\t\t\t\t<\/div>\n\t\t<\/div>\n\t\t\t\t\t<\/div>\n\t\t<\/section>\n\t\t<div class=\"elementor-element elementor-element-6edbad6 e-flex e-con-boxed e-con e-parent\" data-id=\"6edbad6\" data-element_type=\"container\" data-e-type=\"container\">\n\t\t\t\t\t<div class=\"e-con-inner\">\n\t\t\t\t<div class=\"elementor-element elementor-element-f7b7559 elementor-widget elementor-widget-spacer\" data-id=\"f7b7559\" data-element_type=\"widget\" data-e-type=\"widget\" data-widget_type=\"spacer.default\">\n\t\t\t\t<div class=\"elementor-widget-container\">\n\t\t\t\t\t\t\t<div class=\"elementor-spacer\">\n\t\t\t<div class=\"elementor-spacer-inner\"><\/div>\n\t\t<\/div>\n\t\t\t\t\t\t<\/div>\n\t\t\t\t<\/div>\n\t\t\t\t\t<\/div>\n\t\t\t\t<\/div>\n\t\t<div class=\"elementor-element elementor-element-0818b3e e-flex e-con-boxed e-con e-parent\" data-id=\"0818b3e\" data-element_type=\"container\" data-e-type=\"container\">\n\t\t\t\t\t<div class=\"e-con-inner\">\n\t\t\t\t<div class=\"elementor-element elementor-element-ec77d39 elementor-widget elementor-widget-heading\" data-id=\"ec77d39\" data-element_type=\"widget\" data-e-type=\"widget\" data-widget_type=\"heading.default\">\n\t\t\t\t<div class=\"elementor-widget-container\">\n\t\t\t\t\t<h2 class=\"elementor-heading-title elementor-size-default\">Liste des derni\u00e8res publications de Jean-Jacques Wunenburger deuxi\u00e8me p\u00e9riode d'\u00e9m\u00e9ritat (2019-2025)<\/h2>\t\t\t\t<\/div>\n\t\t\t\t<\/div>\n\t\t\t\t\t<\/div>\n\t\t\t\t<\/div>\n\t\t<div class=\"elementor-element elementor-element-1786371 e-flex e-con-boxed e-con e-parent\" data-id=\"1786371\" data-element_type=\"container\" data-e-type=\"container\">\n\t\t\t\t\t<div class=\"e-con-inner\">\n\t\t\t\t<div class=\"elementor-element elementor-element-f6d6920 elementor-widget elementor-widget-spacer\" data-id=\"f6d6920\" data-element_type=\"widget\" data-e-type=\"widget\" data-widget_type=\"spacer.default\">\n\t\t\t\t<div class=\"elementor-widget-container\">\n\t\t\t\t\t\t\t<div class=\"elementor-spacer\">\n\t\t\t<div class=\"elementor-spacer-inner\"><\/div>\n\t\t<\/div>\n\t\t\t\t\t\t<\/div>\n\t\t\t\t<\/div>\n\t\t\t\t\t<\/div>\n\t\t\t\t<\/div>\n\t\t<div class=\"elementor-element elementor-element-c26f0d6 e-flex e-con-boxed e-con e-parent\" data-id=\"c26f0d6\" data-element_type=\"container\" data-e-type=\"container\">\n\t\t\t\t\t<div class=\"e-con-inner\">\n\t\t\t\t<div class=\"elementor-element elementor-element-3806ebe elementor-widget elementor-widget-heading\" data-id=\"3806ebe\" data-element_type=\"widget\" data-e-type=\"widget\" data-widget_type=\"heading.default\">\n\t\t\t\t<div class=\"elementor-widget-container\">\n\t\t\t\t\t<h4 class=\"elementor-heading-title elementor-size-default\">Livres personnels<\/h4>\t\t\t\t<\/div>\n\t\t\t\t<\/div>\n\t\t\t\t\t<\/div>\n\t\t\t\t<\/div>\n\t\t<div class=\"elementor-element elementor-element-49dd512 e-flex e-con-boxed e-con e-parent\" data-id=\"49dd512\" data-element_type=\"container\" data-e-type=\"container\">\n\t\t\t\t\t<div class=\"e-con-inner\">\n\t\t\t\t<div class=\"elementor-element elementor-element-fcfda0d elementor-widget elementor-widget-text-editor\" data-id=\"fcfda0d\" data-element_type=\"widget\" data-e-type=\"widget\" data-widget_type=\"text-editor.default\">\n\t\t\t\t<div class=\"elementor-widget-container\">\n\t\t\t\t\t\t\t\t\t<ul><li class=\"yiv1600384108MsoNormal\"><i class=\"yiv1600384108\"><span class=\"yiv1600384108\">Soigner, les limites des technosciences en sant\u00e9, EME\u00a0<\/span><\/i><span class=\"yiv1600384108\">(2019),<\/span><\/li><li class=\"yiv1600384108MsoNormal\"><i class=\"yiv1600384108\"><span class=\"yiv1600384108\">Mytho-politiques. Histoire des imaginaires du pouvoir,\u00a0<\/span><\/i><span class=\"yiv1600384108\">Mimesis<\/span><i class=\"yiv1600384108\"><span class=\"yiv1600384108\">\u00a0(2019).<\/span><\/i><\/li><li class=\"yiv1600384108MsoNormal\"><a href=\"https:\/\/www.cultura.com\/p-l-alsace-une-inquietante-etrangete-9782954554297.html\" target=\"_blank\" rel=\"noopener\"><i class=\"yiv1600384108\">L\u2019Alsace, une inqui\u00e9tante \u00e9tranget\u00e9<\/i>\u00a0(Avec Jean Libis), r\u00e9cits-essais, Editions sp\u00e9ciales, 2021.<\/a><\/li><\/ul><p class=\"yiv1600384108MsoNormal\"><span style=\"text-decoration: underline;\"><span class=\"yiv1600384108\">R\u00e9\u00e9dition en fran\u00e7ais<\/span><\/span><\/p><ul><li class=\"yiv1600384108MsoNormal\"><i class=\"yiv1600384108\"><span class=\"yiv1600384108\">L\u2019imaginaire<\/span><\/i><span class=\"yiv1600384108\">, 4eme \u00e9dition, mise \u00e0 jour, 2020, PUF, QSJ<\/span><\/li><li class=\"yiv1600384108MsoNormal\"><i class=\"yiv1600384108\"><span class=\"yiv1600384108\">Le sacr\u00e9<\/span><\/i><span class=\"yiv1600384108\">, 9eme \u00e9dition 2024, \u00a0PUF, QSJ\u00a0; traduction en japonais\u00a0\u00a0\u00a0\u00a0\u00a0\u00a0\u00a0\u00a0<\/span><\/li><\/ul><p class=\"yiv1600384108MsoNormal\"><span style=\"text-decoration: underline;\"><span class=\"yiv1600384108\">R\u00e9\u00e9dition en roumain\u00a0<\/span><\/span><\/p><ul><li class=\"yiv1600384108MsoNormal\"><i class=\"yiv1600384108\"><span class=\"yiv1600384108\">Imaginariole politicului<\/span><\/i><span class=\"yiv1600384108\">, Paideia, Bucharest 2023<\/span><\/li><li class=\"yiv1600384108MsoNormal\"><i class=\"yiv1600384108\"><span class=\"yiv1600384108\">Ratiuna contradictorie, filosofia si stiintele moderne gandira complexitatii<\/span><\/i><span class=\"yiv1600384108\">, Paideia, Bucharest 2023<\/span><\/li><li class=\"yiv1600384108MsoNormal\"><i class=\"yiv1600384108\"><span class=\"yiv1600384108\">Utopia sau criza imaginarului<\/span><\/i><span class=\"yiv1600384108\">, Aisu, Craiova, 2023<\/span><\/li><li class=\"yiv1600384108MsoNormal\"><i class=\"yiv1600384108\"><span class=\"yiv1600384108\">Imaginarul<\/span><\/i><span class=\"yiv1600384108\">, Aisu, Craiova, 2022<\/span><\/li><\/ul>\t\t\t\t\t\t\t\t<\/div>\n\t\t\t\t<\/div>\n\t\t\t\t\t<\/div>\n\t\t\t\t<\/div>\n\t\t<div class=\"elementor-element elementor-element-c34ee74 e-flex e-con-boxed e-con e-parent\" data-id=\"c34ee74\" data-element_type=\"container\" data-e-type=\"container\">\n\t\t\t\t\t<div class=\"e-con-inner\">\n\t\t\t\t<div class=\"elementor-element elementor-element-eaeca97 elementor-widget-divider--view-line elementor-widget elementor-widget-divider\" data-id=\"eaeca97\" data-element_type=\"widget\" data-e-type=\"widget\" data-widget_type=\"divider.default\">\n\t\t\t\t<div class=\"elementor-widget-container\">\n\t\t\t\t\t\t\t<div class=\"elementor-divider\">\n\t\t\t<span class=\"elementor-divider-separator\">\n\t\t\t\t\t\t<\/span>\n\t\t<\/div>\n\t\t\t\t\t\t<\/div>\n\t\t\t\t<\/div>\n\t\t\t\t\t<\/div>\n\t\t\t\t<\/div>\n\t\t<div class=\"elementor-element elementor-element-f7d7546 e-flex e-con-boxed e-con e-parent\" data-id=\"f7d7546\" data-element_type=\"container\" data-e-type=\"container\">\n\t\t\t\t\t<div class=\"e-con-inner\">\n\t\t\t\t<div class=\"elementor-element elementor-element-8293ae0 elementor-widget elementor-widget-heading\" data-id=\"8293ae0\" data-element_type=\"widget\" data-e-type=\"widget\" data-widget_type=\"heading.default\">\n\t\t\t\t<div class=\"elementor-widget-container\">\n\t\t\t\t\t<h5 class=\"elementor-heading-title elementor-size-default\">Livres collectifs (sous sa direction)<\/h5>\t\t\t\t<\/div>\n\t\t\t\t<\/div>\n\t\t\t\t\t<\/div>\n\t\t\t\t<\/div>\n\t\t<div class=\"elementor-element elementor-element-cc2542f e-flex e-con-boxed e-con e-parent\" data-id=\"cc2542f\" data-element_type=\"container\" data-e-type=\"container\">\n\t\t\t\t\t<div class=\"e-con-inner\">\n\t\t\t\t<div class=\"elementor-element elementor-element-b36d90a elementor-widget elementor-widget-text-editor\" data-id=\"b36d90a\" data-element_type=\"widget\" data-e-type=\"widget\" data-widget_type=\"text-editor.default\">\n\t\t\t\t<div class=\"elementor-widget-container\">\n\t\t\t\t\t\t\t\t\t<ul><li class=\"yiv1600384108MsoNormal\"><a href=\"https:\/\/www.editionsducerf.fr\/librairie\/livre\/20668\/Le-retour-du-tragique\" target=\"_blank\" rel=\"noopener\"><i class=\"yiv1600384108\"><span class=\"yiv1600384108\">Le retour du tragique<\/span><\/i><span class=\"yiv1600384108\">\u00a0(J.Nowicki, Ch. Delsol, et JJW), Cerf, 2024<\/span><\/a><\/li><li class=\"yiv1600384108MsoNormal\"><a href=\"https:\/\/www.fnac.com\/a17360268\/Jean-Jacques-Wunenburger-Imaginaire-et-neurosciences\" target=\"_blank\" rel=\"noopener\"><i class=\"yiv1600384108\"><span class=\"yiv1600384108\">Imaginaire et neurosciences, h\u00e9ritages et actualisation de l\u2019oeuvre de G.Durand,\u00a0<\/span><\/i><span class=\"yiv1600384108\">Hermann<i class=\"yiv1600384108\">, 2023.<\/i><\/span><\/a><\/li><\/ul>\t\t\t\t\t\t\t\t<\/div>\n\t\t\t\t<\/div>\n\t\t\t\t<div class=\"elementor-element elementor-element-4d044ae elementor-widget-divider--view-line elementor-widget elementor-widget-divider\" data-id=\"4d044ae\" data-element_type=\"widget\" data-e-type=\"widget\" data-widget_type=\"divider.default\">\n\t\t\t\t<div class=\"elementor-widget-container\">\n\t\t\t\t\t\t\t<div class=\"elementor-divider\">\n\t\t\t<span class=\"elementor-divider-separator\">\n\t\t\t\t\t\t<\/span>\n\t\t<\/div>\n\t\t\t\t\t\t<\/div>\n\t\t\t\t<\/div>\n\t\t\t\t\t<\/div>\n\t\t\t\t<\/div>\n\t\t<div class=\"elementor-element elementor-element-014c8f9 e-flex e-con-boxed e-con e-parent\" data-id=\"014c8f9\" data-element_type=\"container\" data-e-type=\"container\">\n\t\t\t\t\t<div class=\"e-con-inner\">\n\t\t\t\t<div class=\"elementor-element elementor-element-280879d elementor-widget elementor-widget-heading\" data-id=\"280879d\" data-element_type=\"widget\" data-e-type=\"widget\" data-widget_type=\"heading.default\">\n\t\t\t\t<div class=\"elementor-widget-container\">\n\t\t\t\t\t<h2 class=\"elementor-heading-title elementor-size-default\">Quelques articles<\/h2>\t\t\t\t<\/div>\n\t\t\t\t<\/div>\n\t\t\t\t\t<\/div>\n\t\t\t\t<\/div>\n\t\t<div class=\"elementor-element elementor-element-8eea39d e-flex e-con-boxed e-con e-parent\" data-id=\"8eea39d\" data-element_type=\"container\" data-e-type=\"container\">\n\t\t\t\t\t<div class=\"e-con-inner\">\n\t\t\t\t<div class=\"elementor-element elementor-element-9dab3d8 elementor-widget elementor-widget-text-editor\" data-id=\"9dab3d8\" data-element_type=\"widget\" data-e-type=\"widget\" data-widget_type=\"text-editor.default\">\n\t\t\t\t<div class=\"elementor-widget-container\">\n\t\t\t\t\t\t\t\t\t<ul><li class=\"yiv1600384108MsoNormal\"><span class=\"yiv1600384108\">\u00ab\u00a0M\u00e9tamorphoses d\u2019imaginaires culturels\u00a0: la troisi\u00e8me voie\u00a0\u00bb in\u00a0<i class=\"yiv1600384108\">L\u2019espace plan\u00e9taire. L\u2019humanit\u00e9 au carrefour du local et du post-global<\/i>. Colloque de Cluj (Roumanie), 17-19 octobre 2019, publi\u00e9 in revue Echinox, 2020, vol. 38, Universit\u00e9 Babes-Bolyia, Cluj (Roumanie).<\/span><\/li><li class=\"yiv1600384108MsoNormal\"><span class=\"yiv1600384108\">\u00ab\u00a0L\u2019\u00e9pid\u00e9mie Covid-19\u00a0: une nouvelle \u00e9tape de la politique de la vie,\u00a0\u00bb\u00a0in \u00ab\u00a0<i class=\"yiv1600384108\">Biopolitique et imaginaires du pouvoir pass\u00e9, pr\u00e9sent, futur\u00a0\u00bb,<\/i>\u00a0in Metabasis, juin 2022\u00a0<\/span><\/li><li class=\"yiv1600384108MsoNormal\"><span class=\"yiv1600384108\">\u00ab\u00a0Rituels symboliques de la mort\u00a0\u00bb in\u00a0<i class=\"yiv1600384108\">Imaginaires symboliques de la mort<\/i>, Metabasis, N\u00b032.\u00a0?<\/span><\/li><li class=\"yiv1600384108MsoNormal\"><span class=\"yiv1600384108\" lang=\"EN-US\">\u3010\u6cd5\u3011<\/span><span class=\"yiv1600384108\" lang=\"EN-US\">\u8ba9<\/span><span class=\"yiv1600384108\">&#8211;<\/span><span class=\"yiv1600384108\" lang=\"EN-US\">\u96c5\u514b<\/span><span class=\"yiv1600384108\">\u00b7<\/span><span class=\"yiv1600384108\" lang=\"EN-US\">\u4e4c<\/span><span class=\"yiv1600384108\" lang=\"EN-US\">\u5357\u5e03<\/span><span class=\"yiv1600384108\" lang=\"EN-US\">\u70ed<\/span><span class=\"yiv1600384108\">\u00a0,<\/span><span class=\"yiv1600384108\" lang=\"EN-US\">\u300a\u5df4\u4ec0\u62c9\uff0c\u4e00\u79cd\u7a7a<\/span><span class=\"yiv1600384108\" lang=\"EN-US\">\u95f4\u73b0<\/span><span class=\"yiv1600384108\" lang=\"EN-US\">\u8c61\u5b66<\/span><span class=\"yiv1600384108\">\u2014\u2014<\/span><span class=\"yiv1600384108\" lang=\"EN-US\">\u5df4\u4ec0\u62c9\u7684\u7a7a<\/span><span class=\"yiv1600384108\" lang=\"EN-US\">\u95f4\u8bd7<\/span><span class=\"yiv1600384108\" lang=\"EN-US\">\u5b66\u53ca\u5176\u821e\u53f0\u88c5\u7f6e\u6548\u679c\u300b<\/span><span class=\"yiv1600384108\">\u00a0Jean-Jacques Wunenburger<\/span><span class=\"yiv1600384108\">, &#8220;<\/span><span class=\"yiv1600384108\">Bachelard, une ph\u00e9nom\u00e9nologie de la spatialit\u00e9\u00a0\u00a0<\/span><span class=\"yiv1600384108\">La po\u00e9tique de l\u2019espace de Bachelard et ses effets sc\u00e9nographiques,&#8221;\u00a0<\/span><span class=\"yiv1600384108\" lang=\"EN-US\">\u5f20\u5c27<\/span><span class=\"yiv1600384108\" lang=\"EN-US\">\u5747<\/span><span class=\"yiv1600384108\" lang=\"EN-US\">\u8bd1<\/span><span class=\"yiv1600384108\">\u00a0translated by Zhang Yaojun<\/span><span class=\"yiv1600384108\" lang=\"EN-US\">\uff0c\u300a\u5916\u56fd\u7f8e\u5b66\u300b<\/span><span class=\"yiv1600384108\">(International Aesthetics,Beijing\u00a0) Vol.33<\/span><span class=\"yiv1600384108\" lang=\"EN-US\">\uff0c<\/span><span class=\"yiv1600384108\">2020, pp.\u00a0150-163.\u00a0\u00a0<\/span><\/li><li class=\"yiv1600384108MsoNormal\"><span class=\"yiv1600384108\">\u00ab\u00a0Le rythme comme sagesse de la vie\u00a0\u00bb in Life, individual, community and the throught of the absolute unsurpassable passions, Daimon Verlag,\u00a0<i class=\"yiv1600384108\">Eranos Jahrbuch<\/i>\u00a0N\u00b0 75 (2019-2021), p 448 sq<\/span><\/li><li class=\"yiv1600384108MsoNormal\"><span class=\"yiv1600384108\">\u00ab\u00a0L\u2019eau dans les oasis\u00a0:\u00a0: technique, po\u00e9tique, \u00e9thique\u00a0\u00bb, in\u00a0<i class=\"yiv1600384108\">Paysages de l\u2019eau en trompe l\u2019oeil<\/i>, M Montoro-Araque (dir.), Peter Lang, 2023<\/span><\/li><li class=\"yiv1600384108MsoNormal\"><span class=\"yiv1600384108\">\u00ab\u00a0Gaston Bachelard, quelle po\u00e9tique de la mer dans l\u2019Eau et les r\u00eaves\u00a0?\u00a0\u00bb , in\u00a0<i class=\"yiv1600384108\">L\u2019eau et la mer dans les textes et les images<\/i>, N Roelens, et allii, Brill, 2024<\/span><\/li><li class=\"yiv1600384108MsoNormal\"><span class=\"yiv1600384108\">\u00ab\u00a0De la ville monde au village communautaire. Quels imaginaires pour l\u2019urbanisme \u00e0 venir\u00a0?\u00a0\u00bb<i class=\"yiv1600384108\">\u00a0in Imaginario, construir et habitar a terra, 5\u00e8me colloque Icht3, Sao Paulo<\/i>, Atias<i class=\"yiv1600384108\">, 2024, p 33 sq<\/i><\/span><\/li><li class=\"yiv1600384108MsoNormal\"><span class=\"yiv1600384108\">\u00ab\u00a0Imaginarios ecosoficos y religiones monotestas\u00a0\u00bb in BL Solares,\u00a0<i class=\"yiv1600384108\">Imaginarios de la naturaleza, hermenutica simbolica y crisis ecologica,<\/i>\u00a0 Mexico, UNAM,\u00a0 2012, p\u00a0 361 sq<\/span><\/li><li class=\"yiv1600384108MsoNormal\"><span class=\"yiv1600384108\">\u00ab\u00a0Quelques r\u00e9sonnances de la spiritualit\u00e9 religieuse chez les contemporains de J.L. Vieillard-Baron\u00a0\u00bb in\u00a0<i class=\"yiv1600384108\">Quelle philosophie de l\u2019esprit\u00a0?<\/i>, A. Roux ed., Hermann 2024, p 171 sq<\/span><\/li><li class=\"yiv1600384108MsoNormal\"><span class=\"yiv1600384108\">\u00ab\u00a0Imaginaires des fronti\u00e8res\u00a0: symboliques de l\u2019entre-deux\u00a0\u00bb in\u00a0<i class=\"yiv1600384108\">Esprit critique<\/i>, Carnet de la revue internationale de sociologie et sciences sociales,\u00a0 vol. 33-1, mai 2023, p 21sq<\/span><\/li><li class=\"yiv1600384108MsoNormal\"><span class=\"yiv1600384108\">\u00ab\u00a0Sant\u00e9 publique, biopouvoir et gestion des populations\u00a0\u00bb in\u00a0<i class=\"yiv1600384108\">Utopian studies society<\/i>, colloque des 5-7 juillet 2023, in Echinox, ed. Phantasma, 2020, vol. 38. Universit\u00e9 Babes-Bolyia, Cluj (Roumanie).<\/span><\/li><li class=\"yiv1600384108MsoNormal\"><span class=\"yiv1600384108\">\u00ab\u00a0L\u2019histoire eschatologique en Occident face au mal radical\u00a0: sens et\/ou non sens\u00a0\u00bb. in Limba, literatura, folklor\u00a0\u00bb,\u00a0\u00a0<i class=\"yiv1600384108\">Revue de\u00a0Philologie romane<\/i>, N\u00b01, 2024, Universit\u00e9 de Chisinau, Moldavie, 2024<\/span><\/li><li class=\"yiv1600384108MsoNormal\"><span class=\"yiv1600384108\">\u00ab\u00a0Probl\u00e8mes philosophiques de la couleur\u00a0\u00bb in Encyclop\u00e9die num\u00e9rique des couleurs, 2024.<\/span><\/li><li class=\"yiv1600384108MsoNormal\"><i class=\"yiv1600384108\"><span class=\"yiv1600384108\">Mozaicul\u00a0\u00a0<\/span><\/i><span class=\"yiv1600384108\">Nr. 7-8 (261-262)<\/span><span class=\"yiv1600384108\" lang=\"RO\">\/<\/span><span class=\"yiv1600384108\">\u00a02020<\/span><\/li><li class=\"yiv1600384108MsoNormal\"><span class=\"yiv1600384108\">JJW \u00ab\u00a0Marea poveste a epidemiei \u00eentre tragedie \u0219i absurd\u00a0\u00bb (Traducere de Ionel Bu\u0219e) pp.\u00a0<\/span><span class=\"yiv1600384108\">12-13.<\/span><\/li><li class=\"yiv1600384108MsoNormal\"><i class=\"yiv1600384108\"><span class=\"yiv1600384108\">Mozaicul<\/span><\/i><b class=\"yiv1600384108\"><span class=\"yiv1600384108\">\u00a0\u00a0<\/span><\/b><span class=\"yiv1600384108\">Nr.8-9 (274-275)\/ 2021<\/span><\/li><li class=\"yiv1600384108MsoNormal\"><span class=\"yiv1600384108\">JJW \u00ab\u00a0Qvo vadis, Europa?\u00a0\u00bb, p. 26.<\/span><\/li><\/ul>\t\t\t\t\t\t\t\t<\/div>\n\t\t\t\t<\/div>\n\t\t\t\t<div class=\"elementor-element elementor-element-a26738e elementor-widget-divider--view-line elementor-widget elementor-widget-divider\" data-id=\"a26738e\" data-element_type=\"widget\" data-e-type=\"widget\" data-widget_type=\"divider.default\">\n\t\t\t\t<div class=\"elementor-widget-container\">\n\t\t\t\t\t\t\t<div class=\"elementor-divider\">\n\t\t\t<span class=\"elementor-divider-separator\">\n\t\t\t\t\t\t<\/span>\n\t\t<\/div>\n\t\t\t\t\t\t<\/div>\n\t\t\t\t<\/div>\n\t\t\t\t\t<\/div>\n\t\t\t\t<\/div>\n\t\t<div class=\"elementor-element elementor-element-ea4ad17 e-flex e-con-boxed e-con e-parent\" data-id=\"ea4ad17\" data-element_type=\"container\" data-e-type=\"container\">\n\t\t\t\t\t<div class=\"e-con-inner\">\n\t\t\t\t<div class=\"elementor-element elementor-element-22ea50f elementor-widget elementor-widget-heading\" data-id=\"22ea50f\" data-element_type=\"widget\" data-e-type=\"widget\" data-widget_type=\"heading.default\">\n\t\t\t\t<div class=\"elementor-widget-container\">\n\t\t\t\t\t<h2 class=\"elementor-heading-title elementor-size-default\">Quelques conf\u00e9rences<\/h2>\t\t\t\t<\/div>\n\t\t\t\t<\/div>\n\t\t\t\t\t<\/div>\n\t\t\t\t<\/div>\n\t\t<div class=\"elementor-element elementor-element-b26eb4a e-flex e-con-boxed e-con e-parent\" data-id=\"b26eb4a\" data-element_type=\"container\" data-e-type=\"container\">\n\t\t\t\t\t<div class=\"e-con-inner\">\n\t\t\t\t<div class=\"elementor-element elementor-element-8863bc3 elementor-widget elementor-widget-text-editor\" data-id=\"8863bc3\" data-element_type=\"widget\" data-e-type=\"widget\" data-widget_type=\"text-editor.default\">\n\t\t\t\t<div class=\"elementor-widget-container\">\n\t\t\t\t\t\t\t\t\t<ul><li class=\"yiv1600384108MsoNormal\"><span class=\"yiv1600384108\">\u00ab\u00a0C.G. Jung, Education et imagination\u00a0\u00bb,\u00a0 IPAP, Ivrea (Italie), 7-11-2022<\/span><\/li><li class=\"yiv1600384108MsoNormal\"><span class=\"yiv1600384108\">\u201cImaginaires de la fin du monde\u201d, Porto Alegre, oct 20<\/span><\/li><li class=\"yiv1600384108MsoNormal\"><span class=\"yiv1600384108\">\u00ab\u00a0Camus. L\u2019homme r\u00e9volt\u00e9\u00a0\u00bb, CUM Nice, 18-02-20<\/span><\/li><li class=\"yiv1600384108MsoNormal\"><span class=\"yiv1600384108\">\u00ab Humour et ironie \u00bb in <\/span><span class=\"yiv1600384108\">\u00ab\u00a0L\u2019imagination, quelques paradoxes\u00a0\u00bb, SRH Philo Lyon (septembre 2023)<\/span><\/li><li class=\"yiv1600384108MsoNormal\"><span class=\"yiv1600384108\">\u00ab\u00a0Cr\u00e9ation mythique et cr\u00e9ation artistique\u00a0\u00bb in\u00a0<i class=\"yiv1600384108\">Questiones de mitocritica, campos y aplicaciones,<\/i>\u00a0Colloque du CRIM, UNAM, Mexico, 10 mai 2024.<\/span><\/li><li class=\"yiv1600384108MsoNormal\"><span class=\"yiv1600384108\">\u00ab\u00a0Mythologie des temps en Occident\u00a0: utopie, mill\u00e9narisme, messianisme\u00a0\u00bb in \u00ab\u00a0Revue Dialogue and Universalism\u00a0\u00bb in\u00a0<i class=\"yiv1600384108\">International society for universal dialogue<\/i>, \u00e0 para\u00eetre 2024.<\/span><\/li><li class=\"yiv1600384108MsoNormal\"><span class=\"yiv1600384108\">\u00ab\u00a0<\/span><span class=\"yiv1600384108\">&#8220;Philosophie grecque et Christianisme, les voies de la transcendance chez Jean Brun et Jean-Fra\u00e7ois Matt\u00e9i \u00bb, in Colloque JF Matt\u00e9i, L\u2019homme d\u2019un id\u00e9al, d\u2019une vision, d\u2019une transcendance, CUM-CRHI, 10-11 avril 2024.<\/span><\/li><li class=\"yiv1600384108MsoNormal\"><span class=\"yiv1600384108\">\u00ab\u00a0La main et le doigt\u00a0: la r\u00e9volution num\u00e9rique des arts, innovation et risques\u00a0\u00bb Conf\u00e9rence dans \u00ab\u00a0Arts et sciences\u00a0\u00bb, Oradea (2023), Chisinau (2023) \u00a0<\/span><\/li><li class=\"yiv1600384108MsoNormal\"><span class=\"yiv1600384108\">\u00ab\u00a0L\u2019imaginaire\u00a0: quelques cl\u00e9s pour la porte d\u2019entr\u00e9e de l\u2019art\u00a0\u00bb in \u00ab\u00a0Imaginaires tiss\u00e9s\u00a0\u00bb catalogue de l\u2019<i class=\"yiv1600384108\">exposition de tapisseries du mus\u00e9e de Lod\u00e8ve<\/i>, \u00e0 para\u00eetre 2024<\/span><\/li><\/ul>\t\t\t\t\t\t\t\t<\/div>\n\t\t\t\t<\/div>\n\t\t\t\t<div class=\"elementor-element elementor-element-2346eef elementor-widget-divider--view-line elementor-widget elementor-widget-divider\" data-id=\"2346eef\" data-element_type=\"widget\" data-e-type=\"widget\" data-widget_type=\"divider.default\">\n\t\t\t\t<div class=\"elementor-widget-container\">\n\t\t\t\t\t\t\t<div class=\"elementor-divider\">\n\t\t\t<span class=\"elementor-divider-separator\">\n\t\t\t\t\t\t<\/span>\n\t\t<\/div>\n\t\t\t\t\t\t<\/div>\n\t\t\t\t<\/div>\n\t\t\t\t\t<\/div>\n\t\t\t\t<\/div>\n\t\t<div class=\"elementor-element elementor-element-3f65dd3 e-flex e-con-boxed e-con e-parent\" data-id=\"3f65dd3\" data-element_type=\"container\" data-e-type=\"container\">\n\t\t\t\t\t<div class=\"e-con-inner\">\n\t\t\t\t<div class=\"elementor-element elementor-element-b2f5e52 elementor-widget elementor-widget-heading\" data-id=\"b2f5e52\" data-element_type=\"widget\" data-e-type=\"widget\" data-widget_type=\"heading.default\">\n\t\t\t\t<div class=\"elementor-widget-container\">\n\t\t\t\t\t<h2 class=\"elementor-heading-title elementor-size-default\">Pr\u00e9faces<\/h2>\t\t\t\t<\/div>\n\t\t\t\t<\/div>\n\t\t\t\t\t<\/div>\n\t\t\t\t<\/div>\n\t\t<div class=\"elementor-element elementor-element-286e6f4 e-flex e-con-boxed e-con e-parent\" data-id=\"286e6f4\" data-element_type=\"container\" data-e-type=\"container\">\n\t\t\t\t\t<div class=\"e-con-inner\">\n\t\t\t\t<div class=\"elementor-element elementor-element-612f9b0 elementor-widget elementor-widget-text-editor\" data-id=\"612f9b0\" data-element_type=\"widget\" data-e-type=\"widget\" data-widget_type=\"text-editor.default\">\n\t\t\t\t<div class=\"elementor-widget-container\">\n\t\t\t\t\t\t\t\t\t<ul><li class=\"yiv1600384108MsoNormal\"><span class=\"yiv1600384108\">Patricia Lasserre,\u00a0<i class=\"yiv1600384108\">Jacob B\u00f6hme, le divin parleur<\/i>,\u00a0 Ed sp\u00e9ciales, Paris, 2020<\/span><\/li><li class=\"yiv1600384108MsoNormal\"><i class=\"yiv1600384108\"><span class=\"yiv1600384108\">A po\u00e9tica de Gaston Bachelard, mergulho na imaginao<\/span><\/i><span class=\"yiv1600384108\">, (M. Bulcao et alii), Rio de janeiro, Multifoco, 2021, 13 \u00e0 17.<\/span><\/li><li class=\"yiv1600384108MsoNormal\"><span class=\"yiv1600384108\">Postface \u00e0\u00a0<i class=\"yiv1600384108\">Bachelardiana<\/i>,\u00a0 printemps 2022,\u00a0 Bulletin AIGB 2021<\/span><\/li><li class=\"yiv1600384108MsoNormal\"><span class=\"yiv1600384108\">Solares Blanca, I<i class=\"yiv1600384108\">maginarios orficos de la naturalez<\/i>, Universidad nacional autonoma de Mexico,\u00a0 2024<\/span><\/li><li class=\"yiv1600384108MsoNormal\"><span class=\"yiv1600384108\">Jean Brun,\u00a0<i class=\"yiv1600384108\">La philosophie grecque des pr\u00e9socratiques au n\u00e9oplatonisme<\/i>, PUF, Biblioth\u00e8que,\u00a0\u00ab\u00a0Que sais-je\u00a0?\u00a0\u00bb, 2024<\/span><\/li><li class=\"yiv1600384108MsoNormal\"><span class=\"yiv1600384108\">Lucia Leitao Santos,<\/span>\u00a0<i class=\"yiv1600384108\">O espa\u00e7o das coisas primeira\u00a0&#8211; arquitetura, cultura e psican\u00e1lise<\/i>, Universit\u00e9 Pernambuc, Recife, Br\u00e9sil, 2024<\/li><li class=\"yiv1600384108MsoNormal\"><span class=\"yiv1600384108\">Olivier Rimbault,\u00a0<i class=\"yiv1600384108\">Introduction \u00e0 l\u2019imaginaire de l\u2019humanisme<\/i>, Ed. du Joglar, 2017.<\/span><\/li><li class=\"yiv1600384108MsoNormal\"><span class=\"yiv1600384108\">Pr\u00e9faces aux ouvrages de Buse, Maselli, Poliakov, parues dans Transversales philosophiques chez EME, 2021-2024.<\/span><\/li><\/ul>\t\t\t\t\t\t\t\t<\/div>\n\t\t\t\t<\/div>\n\t\t\t\t\t<\/div>\n\t\t\t\t<\/div>\n\t\t<div class=\"elementor-element elementor-element-3058cfc e-flex e-con-boxed e-con e-parent\" data-id=\"3058cfc\" data-element_type=\"container\" data-e-type=\"container\">\n\t\t\t\t\t<div class=\"e-con-inner\">\n\t\t\t\t<div class=\"elementor-element elementor-element-9351dc2 elementor-widget-divider--view-line elementor-widget elementor-widget-divider\" data-id=\"9351dc2\" data-element_type=\"widget\" data-e-type=\"widget\" data-widget_type=\"divider.default\">\n\t\t\t\t<div class=\"elementor-widget-container\">\n\t\t\t\t\t\t\t<div class=\"elementor-divider\">\n\t\t\t<span class=\"elementor-divider-separator\">\n\t\t\t\t\t\t<\/span>\n\t\t<\/div>\n\t\t\t\t\t\t<\/div>\n\t\t\t\t<\/div>\n\t\t\t\t\t<\/div>\n\t\t\t\t<\/div>\n\t\t<div class=\"elementor-element elementor-element-326b81d e-flex e-con-boxed e-con e-parent\" data-id=\"326b81d\" data-element_type=\"container\" data-e-type=\"container\">\n\t\t\t\t\t<div class=\"e-con-inner\">\n\t\t\t\t<div class=\"elementor-element elementor-element-53dfafc elementor-widget elementor-widget-heading\" data-id=\"53dfafc\" data-element_type=\"widget\" data-e-type=\"widget\" data-widget_type=\"heading.default\">\n\t\t\t\t<div class=\"elementor-widget-container\">\n\t\t\t\t\t<h2 class=\"elementor-heading-title elementor-size-default\"><a href=\"https:\/\/jean-jacques-wunenburger.com\/index.php\/articles-jean-jacques-wunenburger\/\" target=\"_blank\">Cours<\/a><\/h2>\t\t\t\t<\/div>\n\t\t\t\t<\/div>\n\t\t\t\t\t<\/div>\n\t\t\t\t<\/div>\n\t\t<div class=\"elementor-element elementor-element-d07d03b e-flex e-con-boxed e-con e-parent\" data-id=\"d07d03b\" data-element_type=\"container\" data-e-type=\"container\">\n\t\t\t\t\t<div class=\"e-con-inner\">\n\t\t\t\t<div class=\"elementor-element elementor-element-a527f3c elementor-widget elementor-widget-text-editor\" data-id=\"a527f3c\" data-element_type=\"widget\" data-e-type=\"widget\" data-widget_type=\"text-editor.default\">\n\t\t\t\t<div class=\"elementor-widget-container\">\n\t\t\t\t\t\t\t\t\t<ul><li>DU\u00a0 Sant\u00e9 et culture<\/li><li>EEA azur\u00e9en du CHU de Nice<\/li><li>Diverses interventions sur : Ethique, etc<\/li><\/ul>\t\t\t\t\t\t\t\t<\/div>\n\t\t\t\t<\/div>\n\t\t\t\t\t<\/div>\n\t\t\t\t<\/div>\n\t\t\t\t<\/div>\n\t\t","protected":false},"excerpt":{"rendered":"<p>Derni\u00e8res publications Liste des derni\u00e8res publications de Jean-Jacques Wunenburger deuxi\u00e8me p\u00e9riode d&#8217;\u00e9m\u00e9ritat (2019-2025) Livres personnels Soigner, les limites des technosciences en sant\u00e9, EME\u00a0(2019), Mytho-politiques. Histoire des imaginaires du pouvoir,\u00a0Mimesis\u00a0(2019). L\u2019Alsace, une inqui\u00e9tante \u00e9tranget\u00e9\u00a0(Avec Jean Libis), r\u00e9cits-essais, Editions sp\u00e9ciales, 2021. R\u00e9\u00e9dition en fran\u00e7ais L\u2019imaginaire, 4eme \u00e9dition, mise \u00e0 jour, 2020, PUF, QSJ Le sacr\u00e9, 9eme \u00e9dition<\/p>\n<div class=\"more-link\">\n\t\t\t\t <a href=\"https:\/\/jean-jacques-wunenburger.com\/index.php\/dernieres-publications\/\" class=\"link-btn theme-btn\"><span>Read More <\/span> <i class=\"fa fa-caret-right\"><\/i><\/a>\n\t\t\t<\/div>\n","protected":false},"author":1,"featured_media":1445,"parent":0,"menu_order":0,"comment_status":"closed","ping_status":"closed","template":"","meta":{"om_disable_all_campaigns":false,"_monsterinsights_skip_tracking":false,"_monsterinsights_sitenote_active":false,"_monsterinsights_sitenote_note":"","_monsterinsights_sitenote_category":0,"_uf_show_specific_survey":0,"_uf_disable_surveys":false,"footnotes":""},"class_list":["post-1379","page","type-page","status-publish","has-post-thumbnail","hentry"],"aioseo_notices":[],"yoast_head":"<!-- This site is optimized with the Yoast SEO plugin v27.4 - https:\/\/yoast.com\/product\/yoast-seo-wordpress\/ -->\n<title>Derni\u00e8res publications - Jean-Jacques Wunenburger<\/title>\n<meta name=\"description\" content=\"Bibliographie compl\u00e8te de Jean-Jacques Wunenburger, ouvrages, ouvrages collectifs, pr\u00e9faces, directions \u00e9ditoriales, traductions\" \/>\n<meta name=\"robots\" content=\"index, follow, max-snippet:-1, max-image-preview:large, max-video-preview:-1\" \/>\n<link rel=\"canonical\" href=\"http:\/\/jean-jacques-wunenburger.com\/index.php\/dernieres-publications\/\" \/>\n<meta property=\"og:locale\" content=\"en_US\" \/>\n<meta property=\"og:type\" content=\"article\" \/>\n<meta property=\"og:title\" content=\"Derni\u00e8res publications - Jean-Jacques Wunenburger\" \/>\n<meta property=\"og:description\" content=\"Bibliographie compl\u00e8te de Jean-Jacques Wunenburger, ouvrages, ouvrages collectifs, pr\u00e9faces, directions \u00e9ditoriales, traductions\" \/>\n<meta property=\"og:url\" content=\"http:\/\/jean-jacques-wunenburger.com\/index.php\/dernieres-publications\/\" \/>\n<meta property=\"og:site_name\" content=\"Jean-Jacques Wunenburger\" \/>\n<meta property=\"article:modified_time\" content=\"2024-10-01T14:20:27+00:00\" \/>\n<meta property=\"og:image\" content=\"http:\/\/jean-jacques-wunenburger.com\/wp-content\/uploads\/2024\/10\/library-4317851_1280.jpg\" \/>\n\t<meta property=\"og:image:width\" content=\"1280\" \/>\n\t<meta property=\"og:image:height\" content=\"848\" \/>\n\t<meta property=\"og:image:type\" content=\"image\/jpeg\" \/>\n<meta name=\"twitter:card\" content=\"summary_large_image\" \/>\n<meta name=\"twitter:label1\" content=\"Est. reading time\" \/>\n\t<meta name=\"twitter:data1\" content=\"4 minutes\" \/>\n<script type=\"application\/ld+json\" class=\"yoast-schema-graph\">{\"@context\":\"https:\\\/\\\/schema.org\",\"@graph\":[{\"@type\":\"WebPage\",\"@id\":\"http:\\\/\\\/jean-jacques-wunenburger.com\\\/index.php\\\/dernieres-publications\\\/\",\"url\":\"http:\\\/\\\/jean-jacques-wunenburger.com\\\/index.php\\\/dernieres-publications\\\/\",\"name\":\"Derni\u00e8res publications - Jean-Jacques Wunenburger\",\"isPartOf\":{\"@id\":\"https:\\\/\\\/jean-jacques-wunenburger.com\\\/#website\"},\"primaryImageOfPage\":{\"@id\":\"http:\\\/\\\/jean-jacques-wunenburger.com\\\/index.php\\\/dernieres-publications\\\/#primaryimage\"},\"image\":{\"@id\":\"http:\\\/\\\/jean-jacques-wunenburger.com\\\/index.php\\\/dernieres-publications\\\/#primaryimage\"},\"thumbnailUrl\":\"https:\\\/\\\/jean-jacques-wunenburger.com\\\/wp-content\\\/uploads\\\/2024\\\/10\\\/library-4317851_1280.jpg\",\"datePublished\":\"2024-10-01T12:10:04+00:00\",\"dateModified\":\"2024-10-01T14:20:27+00:00\",\"description\":\"Bibliographie compl\u00e8te de Jean-Jacques Wunenburger, ouvrages, ouvrages collectifs, pr\u00e9faces, directions \u00e9ditoriales, traductions\",\"breadcrumb\":{\"@id\":\"http:\\\/\\\/jean-jacques-wunenburger.com\\\/index.php\\\/dernieres-publications\\\/#breadcrumb\"},\"inLanguage\":\"en-US\",\"potentialAction\":[{\"@type\":\"ReadAction\",\"target\":[\"http:\\\/\\\/jean-jacques-wunenburger.com\\\/index.php\\\/dernieres-publications\\\/\"]}]},{\"@type\":\"ImageObject\",\"inLanguage\":\"en-US\",\"@id\":\"http:\\\/\\\/jean-jacques-wunenburger.com\\\/index.php\\\/dernieres-publications\\\/#primaryimage\",\"url\":\"https:\\\/\\\/jean-jacques-wunenburger.com\\\/wp-content\\\/uploads\\\/2024\\\/10\\\/library-4317851_1280.jpg\",\"contentUrl\":\"https:\\\/\\\/jean-jacques-wunenburger.com\\\/wp-content\\\/uploads\\\/2024\\\/10\\\/library-4317851_1280.jpg\",\"width\":1280,\"height\":848,\"caption\":\"derni\u00e8res publications jean jacques wunenburger\"},{\"@type\":\"BreadcrumbList\",\"@id\":\"http:\\\/\\\/jean-jacques-wunenburger.com\\\/index.php\\\/dernieres-publications\\\/#breadcrumb\",\"itemListElement\":[{\"@type\":\"ListItem\",\"position\":1,\"name\":\"Accueil\",\"item\":\"https:\\\/\\\/jean-jacques-wunenburger.com\\\/\"},{\"@type\":\"ListItem\",\"position\":2,\"name\":\"Derni\u00e8res publications\"}]},{\"@type\":\"WebSite\",\"@id\":\"https:\\\/\\\/jean-jacques-wunenburger.com\\\/#website\",\"url\":\"https:\\\/\\\/jean-jacques-wunenburger.com\\\/\",\"name\":\"Jean-Jacques Wunenburger\",\"description\":\"Philosophe, Professeur \u00e9m\u00e9rite\",\"potentialAction\":[{\"@type\":\"SearchAction\",\"target\":{\"@type\":\"EntryPoint\",\"urlTemplate\":\"https:\\\/\\\/jean-jacques-wunenburger.com\\\/?s={search_term_string}\"},\"query-input\":{\"@type\":\"PropertyValueSpecification\",\"valueRequired\":true,\"valueName\":\"search_term_string\"}}],\"inLanguage\":\"en-US\"}]}<\/script>\n<!-- \/ Yoast SEO plugin. -->","yoast_head_json":{"title":"Derni\u00e8res publications - Jean-Jacques Wunenburger","description":"Bibliographie compl\u00e8te de Jean-Jacques Wunenburger, ouvrages, ouvrages collectifs, pr\u00e9faces, directions \u00e9ditoriales, traductions","robots":{"index":"index","follow":"follow","max-snippet":"max-snippet:-1","max-image-preview":"max-image-preview:large","max-video-preview":"max-video-preview:-1"},"canonical":"http:\/\/jean-jacques-wunenburger.com\/index.php\/dernieres-publications\/","og_locale":"en_US","og_type":"article","og_title":"Derni\u00e8res publications - Jean-Jacques Wunenburger","og_description":"Bibliographie compl\u00e8te de Jean-Jacques Wunenburger, ouvrages, ouvrages collectifs, pr\u00e9faces, directions \u00e9ditoriales, traductions","og_url":"http:\/\/jean-jacques-wunenburger.com\/index.php\/dernieres-publications\/","og_site_name":"Jean-Jacques Wunenburger","article_modified_time":"2024-10-01T14:20:27+00:00","og_image":[{"width":1280,"height":848,"url":"http:\/\/jean-jacques-wunenburger.com\/wp-content\/uploads\/2024\/10\/library-4317851_1280.jpg","type":"image\/jpeg"}],"twitter_card":"summary_large_image","twitter_misc":{"Est. reading time":"4 minutes"},"schema":{"@context":"https:\/\/schema.org","@graph":[{"@type":"WebPage","@id":"http:\/\/jean-jacques-wunenburger.com\/index.php\/dernieres-publications\/","url":"http:\/\/jean-jacques-wunenburger.com\/index.php\/dernieres-publications\/","name":"Derni\u00e8res publications - Jean-Jacques Wunenburger","isPartOf":{"@id":"https:\/\/jean-jacques-wunenburger.com\/#website"},"primaryImageOfPage":{"@id":"http:\/\/jean-jacques-wunenburger.com\/index.php\/dernieres-publications\/#primaryimage"},"image":{"@id":"http:\/\/jean-jacques-wunenburger.com\/index.php\/dernieres-publications\/#primaryimage"},"thumbnailUrl":"https:\/\/jean-jacques-wunenburger.com\/wp-content\/uploads\/2024\/10\/library-4317851_1280.jpg","datePublished":"2024-10-01T12:10:04+00:00","dateModified":"2024-10-01T14:20:27+00:00","description":"Bibliographie compl\u00e8te de Jean-Jacques Wunenburger, ouvrages, ouvrages collectifs, pr\u00e9faces, directions \u00e9ditoriales, traductions","breadcrumb":{"@id":"http:\/\/jean-jacques-wunenburger.com\/index.php\/dernieres-publications\/#breadcrumb"},"inLanguage":"en-US","potentialAction":[{"@type":"ReadAction","target":["http:\/\/jean-jacques-wunenburger.com\/index.php\/dernieres-publications\/"]}]},{"@type":"ImageObject","inLanguage":"en-US","@id":"http:\/\/jean-jacques-wunenburger.com\/index.php\/dernieres-publications\/#primaryimage","url":"https:\/\/jean-jacques-wunenburger.com\/wp-content\/uploads\/2024\/10\/library-4317851_1280.jpg","contentUrl":"https:\/\/jean-jacques-wunenburger.com\/wp-content\/uploads\/2024\/10\/library-4317851_1280.jpg","width":1280,"height":848,"caption":"derni\u00e8res publications jean jacques wunenburger"},{"@type":"BreadcrumbList","@id":"http:\/\/jean-jacques-wunenburger.com\/index.php\/dernieres-publications\/#breadcrumb","itemListElement":[{"@type":"ListItem","position":1,"name":"Accueil","item":"https:\/\/jean-jacques-wunenburger.com\/"},{"@type":"ListItem","position":2,"name":"Derni\u00e8res publications"}]},{"@type":"WebSite","@id":"https:\/\/jean-jacques-wunenburger.com\/#website","url":"https:\/\/jean-jacques-wunenburger.com\/","name":"Jean-Jacques Wunenburger","description":"Philosophe, Professeur \u00e9m\u00e9rite","potentialAction":[{"@type":"SearchAction","target":{"@type":"EntryPoint","urlTemplate":"https:\/\/jean-jacques-wunenburger.com\/?s={search_term_string}"},"query-input":{"@type":"PropertyValueSpecification","valueRequired":true,"valueName":"search_term_string"}}],"inLanguage":"en-US"}]}},"_links":{"self":[{"href":"https:\/\/jean-jacques-wunenburger.com\/index.php\/wp-json\/wp\/v2\/pages\/1379","targetHints":{"allow":["GET"]}}],"collection":[{"href":"https:\/\/jean-jacques-wunenburger.com\/index.php\/wp-json\/wp\/v2\/pages"}],"about":[{"href":"https:\/\/jean-jacques-wunenburger.com\/index.php\/wp-json\/wp\/v2\/types\/page"}],"author":[{"embeddable":true,"href":"https:\/\/jean-jacques-wunenburger.com\/index.php\/wp-json\/wp\/v2\/users\/1"}],"replies":[{"embeddable":true,"href":"https:\/\/jean-jacques-wunenburger.com\/index.php\/wp-json\/wp\/v2\/comments?post=1379"}],"version-history":[{"count":58,"href":"https:\/\/jean-jacques-wunenburger.com\/index.php\/wp-json\/wp\/v2\/pages\/1379\/revisions"}],"predecessor-version":[{"id":1458,"href":"https:\/\/jean-jacques-wunenburger.com\/index.php\/wp-json\/wp\/v2\/pages\/1379\/revisions\/1458"}],"wp:featuredmedia":[{"embeddable":true,"href":"https:\/\/jean-jacques-wunenburger.com\/index.php\/wp-json\/wp\/v2\/media\/1445"}],"wp:attachment":[{"href":"https:\/\/jean-jacques-wunenburger.com\/index.php\/wp-json\/wp\/v2\/media?parent=1379"}],"curies":[{"name":"wp","href":"https:\/\/api.w.org\/{rel}","templated":true}]}}