{"id":67,"date":"2023-02-18T17:32:55","date_gmt":"2023-02-18T16:32:55","guid":{"rendered":"http:\/\/jean-jacques-wunenburger.com\/?page_id=67"},"modified":"2024-03-15T15:20:14","modified_gmt":"2024-03-15T14:20:14","slug":"bibliographie","status":"publish","type":"page","link":"https:\/\/jean-jacques-wunenburger.com\/index.php\/bibliographie\/","title":{"rendered":"Bibliographie"},"content":{"rendered":"\t\t<div data-elementor-type=\"wp-page\" data-elementor-id=\"67\" class=\"elementor elementor-67\">\n\t\t\t\t\t\t<section class=\"elementor-section elementor-top-section elementor-element elementor-element-212ff02 elementor-section-boxed elementor-section-height-default elementor-section-height-default\" data-id=\"212ff02\" data-element_type=\"section\" data-e-type=\"section\">\n\t\t\t\t\t\t<div class=\"elementor-container elementor-column-gap-default\">\n\t\t\t\t\t<div class=\"elementor-column elementor-col-100 elementor-top-column elementor-element elementor-element-4f22552\" data-id=\"4f22552\" data-element_type=\"column\" data-e-type=\"column\">\n\t\t\t<div class=\"elementor-widget-wrap elementor-element-populated\">\n\t\t\t\t\t\t<div class=\"elementor-element elementor-element-5cf6495 elementor-widget elementor-widget-heading\" data-id=\"5cf6495\" data-element_type=\"widget\" data-e-type=\"widget\" data-widget_type=\"heading.default\">\n\t\t\t\t<div class=\"elementor-widget-container\">\n\t\t\t\t\t<h1 class=\"elementor-heading-title elementor-size-xxl\">Bibliographie Jean-Jacques Wunenburger<\/h1>\t\t\t\t<\/div>\n\t\t\t\t<\/div>\n\t\t\t\t\t<\/div>\n\t\t<\/div>\n\t\t\t\t\t<\/div>\n\t\t<\/section>\n\t\t<div class=\"elementor-element elementor-element-6edbad6 e-flex e-con-boxed e-con e-parent\" data-id=\"6edbad6\" data-element_type=\"container\" data-e-type=\"container\">\n\t\t\t\t\t<div class=\"e-con-inner\">\n\t\t\t\t<div class=\"elementor-element elementor-element-f7b7559 elementor-widget elementor-widget-spacer\" data-id=\"f7b7559\" data-element_type=\"widget\" data-e-type=\"widget\" data-widget_type=\"spacer.default\">\n\t\t\t\t<div class=\"elementor-widget-container\">\n\t\t\t\t\t\t\t<div class=\"elementor-spacer\">\n\t\t\t<div class=\"elementor-spacer-inner\"><\/div>\n\t\t<\/div>\n\t\t\t\t\t\t<\/div>\n\t\t\t\t<\/div>\n\t\t\t\t\t<\/div>\n\t\t\t\t<\/div>\n\t\t<div class=\"elementor-element elementor-element-0818b3e e-flex e-con-boxed e-con e-parent\" data-id=\"0818b3e\" data-element_type=\"container\" data-e-type=\"container\">\n\t\t\t\t\t<div class=\"e-con-inner\">\n\t\t\t\t<div class=\"elementor-element elementor-element-ec77d39 elementor-widget elementor-widget-heading\" data-id=\"ec77d39\" data-element_type=\"widget\" data-e-type=\"widget\" data-widget_type=\"heading.default\">\n\t\t\t\t<div class=\"elementor-widget-container\">\n\t\t\t\t\t<h2 class=\"elementor-heading-title elementor-size-default\">La bibliographie de Jean-Jacques Wunenburger contient ses ouvrages en fran\u00e7ais et traduits<\/h2>\t\t\t\t<\/div>\n\t\t\t\t<\/div>\n\t\t\t\t\t<\/div>\n\t\t\t\t<\/div>\n\t\t<div class=\"elementor-element elementor-element-49dd512 e-flex e-con-boxed e-con e-parent\" data-id=\"49dd512\" data-element_type=\"container\" data-e-type=\"container\">\n\t\t\t\t\t<div class=\"e-con-inner\">\n\t\t\t\t<div class=\"elementor-element elementor-element-fcfda0d elementor-widget elementor-widget-text-editor\" data-id=\"fcfda0d\" data-element_type=\"widget\" data-e-type=\"widget\" data-widget_type=\"text-editor.default\">\n\t\t\t\t<div class=\"elementor-widget-container\">\n\t\t\t\t\t\t\t\t\t<p>La bibliographie d\u00e9bute avec l&#8217;\u00e9dition de sa th\u00e8se de Doctorat en 1977. Jean-Jacques Wunenburger a tr\u00e8s rapidement encha\u00een\u00e9 sur un second livre en 1979.\u00a0 Il publie r\u00e9guli\u00e8rement depuis et jusqu&#8217;\u00e0 ce jour. Certains ouvrages sont propos\u00e9s \u00e9galement en version num\u00e9rique et\/ou r\u00e9\u00e9dit\u00e9s dans ce format uniquement.<\/p><p><a href=\"https:\/\/jean-jacques-wunenburger.com\/\" target=\"_blank\" rel=\"noopener\">Un essai autobiographique<\/a> sur le th\u00e8me de l&#8217;Alsace et de l&#8217;imaginaire est paru en 2021. Il se d\u00e9marque gr\u00e2ce \u00e0 une pr\u00e9sentation plus personnelle de l&#8217;auteur.<\/p>\t\t\t\t\t\t\t\t<\/div>\n\t\t\t\t<\/div>\n\t\t\t\t\t<\/div>\n\t\t\t\t<\/div>\n\t\t<div class=\"elementor-element elementor-element-c34ee74 e-flex e-con-boxed e-con e-parent\" data-id=\"c34ee74\" data-element_type=\"container\" data-e-type=\"container\">\n\t\t\t\t\t<div class=\"e-con-inner\">\n\t\t\t\t<div class=\"elementor-element elementor-element-eaeca97 elementor-widget-divider--view-line elementor-widget elementor-widget-divider\" data-id=\"eaeca97\" data-element_type=\"widget\" data-e-type=\"widget\" data-widget_type=\"divider.default\">\n\t\t\t\t<div class=\"elementor-widget-container\">\n\t\t\t\t\t\t\t<div class=\"elementor-divider\">\n\t\t\t<span class=\"elementor-divider-separator\">\n\t\t\t\t\t\t<\/span>\n\t\t<\/div>\n\t\t\t\t\t\t<\/div>\n\t\t\t\t<\/div>\n\t\t\t\t\t<\/div>\n\t\t\t\t<\/div>\n\t\t<div class=\"elementor-element elementor-element-cc2542f e-flex e-con-boxed e-con e-parent\" data-id=\"cc2542f\" data-element_type=\"container\" data-e-type=\"container\">\n\t\t\t\t\t<div class=\"e-con-inner\">\n\t\t\t\t<div class=\"elementor-element elementor-element-b36d90a elementor-widget elementor-widget-text-editor\" data-id=\"b36d90a\" data-element_type=\"widget\" data-e-type=\"widget\" data-widget_type=\"text-editor.default\">\n\t\t\t\t<div class=\"elementor-widget-container\">\n\t\t\t\t\t\t\t\t\t<ol><li><strong>LA F\u00caTE, LE JEU ET LE SACR\u00c9<\/strong>, \u00c9ditions Universitaires, 1977, 320 p. (\u00e9puis\u00e9)<\/li><li><strong>L&#8217;UTOPIE OU LA CRISE DE L&#8217;IMAGINAIRE<\/strong>, \u00c9ditions Universitaires, 1979, 254 p. (\u00e9puis\u00e9). \u00c9dition en roumain : <strong>UTOPIA SAU CRIZA IMAGINARULUI<\/strong>, Ed. Dacia, 2001, 300 pages<\/li><li><strong>LE SACR\u00c9<\/strong>, Presses Universitaires de France, &#8220;Que sais-je ?&#8221;, N\u00b0 1912, 1\u00e8re \u00e9dition 1981, 2\u00e8me \u00e9d. remani\u00e9e et mise \u00e0 jour, 1990, 3\u00e8me \u00e9dition, f\u00e9vrier 1996 et 2000, 5\u00e8 \u00e9dit. 2001, nouvelle \u00e9dition remani\u00e9e, 2009 ; 6eme \u00e9dition remani\u00e9e, 2016, 7<sup>\u00e8me<\/sup> ed. corrig\u00e9e, 2019. <span style=\"text-decoration: underline;\">\u00c9dition en roumain<\/span> SACRUL, Cluj, Ed.Dacia, 2000. <span style=\"text-decoration: underline;\">\u00c9dition en espagnol<\/span> <strong>LO SAGRADO,<\/strong> \u00c9ditorial Biblos, coll. Daimon, 2006, 144 p. \u00c9dition en japonais\u2026<\/li><li><strong>FREUD, UNE VIE, UNE \u0152UVRE, UNE \u00c9POQUE<\/strong>, \u00c9ditions Balland, Coll.&#8221;Phares&#8221;, 1985, 450 p. (\u00e9puis\u00e9). Nouvelle \u00e9dition : \u00ab <strong>FREUD, science ou religion, une nouvelle biographie critique<\/strong> \u00bb, L&#8217;esprit du temps, 2013, 380 p.<\/li><li><strong>LA RAISON CONTRADICTOIRE, <\/strong>\u00c9ditions Albin Michel, Coll. &#8220;Science et symbole&#8221;, 1990, 285 p. <span style=\"text-decoration: underline;\">Traduction en portugais<\/span> : <strong>A RAZAO CONTRADITORIA<\/strong>, Lisbonne, Instituto Piaget, 1995. <span style=\"text-decoration: underline;\">Traduction en roumain<\/span>, RATIUNEA CONTRADICTORIE, Bucarest, ed. Paidea, 2006.<\/li><li><strong>L&#8217;IMAGINATION, <\/strong>Presses Universitaires de France, Coll.&#8221;Que sais-je ?&#8221;, N\u00b0 649, 1\u00e8re ed. 1991. 2\u00e8 \u00e9dition r\u00e9vis\u00e9e, 1993, \u00e9puis\u00e9e.<\/li><li><strong>M\u00c9THODOLOGIE PHILOSOPHIQUE<\/strong> (avec Dominique Folscheid et Philippe Choulet), Presses Universitaires de France, Coll.&#8221;1er Cycle&#8221;, 1992, 368 p.; 2\u00e8 \u00e9dition, 1996., 3 \u00e9dition, 1998, 4\u00e8me \u00e9dition 2000, 5\u00e8 ed. PUF Quadrige, 2003, 6<sup>\u00e8me<\/sup> ed. 2018. <span style=\"text-decoration: underline;\">Traduction en italien<\/span>, Edition Scuola,\u00a0 Brescia, 1996. <span style=\"text-decoration: underline;\">Traduction en portugais<\/span>, Martins Fontes, Sao Paulo, 1997, 2eme ed. 2002. <span style=\"text-decoration: underline;\">Traduction partielle en islandais.<\/span><\/li><li><strong>QUESTIONS D&#8217;\u00c9THIQUE<\/strong>, Presses Universitaires de France, Collection &#8220;1er cycle&#8221;, 1993, 389 p.<\/li><li><strong>LA VIE DES IMAGES<\/strong>, Presses Universitaires de Strasbourg, 1995, 150 p.\u00a0 <span style=\"text-decoration: underline;\">Traduction en roumain<\/span> &#8220;<strong>VIATA IMAGINALOR<\/strong>&#8220;, Cluj, Cartimpex, 1998. Nouvelle \u00e9dition augment\u00e9e, Presses Universitaires de Grenoble, 2002, 278 p. R\u00e9\u00e9dition num\u00e9rique, 2022, Les \u00c9ditions Sp\u00e9ciales. <span style=\"text-decoration: underline;\">Traduction en espagnol<\/span> (Argentine) <strong>LA VIDA DE LAS IMAGINES<\/strong>, S\u00e9rie Humanitas, Buenos Aires, UNSAM, 2005. <span style=\"text-decoration: underline;\">Traduction en italien<\/span> \u00ab <strong>LA VITA DELLE IMAGINI<\/strong> \u00bb, Milano, Mimesis, 2007.<\/li><li><strong>PHILOSOPHIE DES IMAGES<\/strong>. Presses Universitaires de France, Coll. &#8220;Themis&#8221;, 1997, 322 p., 2\u00e8me \u00e9dition 2001. <em>Traduction en italien<\/em>, &#8220;<strong>FILOSOFIA DELLE IMMAGINI<\/strong>&#8220;, Einaudi, Piccola bibliotheca, 1999. <span style=\"text-decoration: underline;\">Traduction en roumain<\/span>, <strong>FILOZOFIA IMAGINILOR<\/strong>,\u00a0 Bucarest, Polirom, 2004. <span style=\"text-decoration: underline;\">Traduction en polonais<\/span>, <strong>FILOZOFIA OBRAZOW<\/strong>, Stowo, Obraz Rerytoria, Gdansk, 2011.<\/li><li><strong>L&#8217;HOMME \u00c0 L&#8217;\u00c2GE DE LA T\u00c9L\u00c9VISION? <\/strong>Presses Universitaires de France, Coll. &#8220;Interventions philosophiques&#8221;, 2000. <span style=\"text-decoration: underline;\"><em>Traduction en italien<\/em><\/span> <strong>L\u2019UOMO NELLE\u2019ERA DELLA TELEVISIONE<\/strong>, Naples, Ipermedium libri,, 2005. <span style=\"text-decoration: underline;\">Traduction\u00a0 en portugais<\/span>, <strong>O HOMEM NA ERA DA TELEVISAO<\/strong>, Sao Paulo, Ed. Loyola, 2005<\/li><li><strong>IMAGINAIRES DU POLITIQUE, <\/strong>Ellipses, Coll. Philo, 2001, 120 pages. <em>Traduction en roumain<\/em>, <strong>IMAGINARIILE POLITICULUI<\/strong>, Paideia, 2005. <span style=\"text-decoration: underline;\">Extrait traduit en polonais<\/span> \u00ab Teatr ksiecia \u00bb, (Le th\u00e9\u00e2tre du Prince ), in CABINET LUSTER, psychanalityszne krytyki poizaneme, I.Blocian et R. Sacuilca ed., Torun, A.Mauzatek, 2004.<\/li><li><strong>UNE UTOPIE DE LA RAISON<\/strong>, essai sur la politique moderne. La Table ronde, 2002, 240 p. <span style=\"text-decoration: underline;\">Trad. partielle en roumain<\/span>, <strong>OMUL POLITIC intre mit si ratiune<\/strong>, Cluj, Alfa Press, 2000. <em>Traduction en portugais<\/em> <strong>UM UTOPIA DA RAZAO<\/strong>, Lisbonne, Instituto Piaget, 2003.<\/li><li><strong>L\u2019IMAGINAIRE, <\/strong>Presses Universitaires de France, Que sais-je ? 2003, 128 pages ; 3\u00e8 \u00e9dition remani\u00e9e, 2016, 4<sup>e<\/sup> edition, mise \u00e0 jour, 2020. <span style=\"text-decoration: underline;\">Traduction en catalan<\/span> (Barcelone ) en cours. <span style=\"text-decoration: underline;\">Traduction en italien<\/span>, <strong>L\u2019IMMAGINATIO<\/strong>, Naples, Il melangelo, 2008. <span style=\"text-decoration: underline;\">Traduction en roumain,<\/span> <strong>IMAGINARUL<\/strong>, ed. Sibiu, \u00e0 para\u00eetre 2009. <span style=\"text-decoration: underline;\">Traduction<\/span> (compl\u00e9t\u00e9e) <span style=\"text-decoration: underline;\">en roumain<\/span>, <strong>IMAGINARUL<\/strong>, ed Aius, Craivoa, 2022, 199 p. <span style=\"text-decoration: underline;\">Traduction en portugais<\/span> <strong>O IMAGINARIO<\/strong>, Sao Paulo, Ed Loyola, 2007, 2eme ed. 2010.\u00a0 <span style=\"text-decoration: underline;\">Traduction en espagnol<\/span> (Argentine) <strong>ANTROPOLOGIA DEL IMAGINARIO<\/strong>, (ed Compl\u00e9t\u00e9e) Buenos-\u00a0\u00a0\u00a0 Aires, Ed del sol, 2008, 264 pages. <span style=\"text-decoration: underline;\">Extrait traduit en roumain<\/span> in EUPHORION, Ann. XVII, N\u00b0 9-19, sept-oct 2006, Sibiu. <span style=\"text-decoration: underline;\">Traduction en japonais<\/span>, ed Hakusuisha, co.jp , 2022.<\/li><li>\u00ab <strong>LE CONFLIT EST LE P\u00c8RE DE TOUTES CHOSES<\/strong>\u00bb Nantes, Ed. Pleins Feux, 2005, 40 p.<\/li><li><strong>IMAGINAIRES ET RATIONALIT\u00c9 DES M\u00c9DECINES ALTERNATIVES<\/strong>, Les belles lettres, 2006, 2eme r\u00e9vis\u00e9e 2008, 288 p.<\/li><li><strong>L&#8217;IMAGINATION MODE D&#8217;EMPLOI<\/strong>\u00a0 Une science de l&#8217;imaginaire au service de la cr\u00e9ativit\u00e9. Ed. Manucius, Paris, 2011, 48 pages.<\/li><li><strong>GASTON BACHELARD, PO\u00c9TIQUE DES IMAGES, <\/strong>Mimesis France, 2012, 264 p, 2eme \u00e9dition 2014.<\/li><li><strong>LE PROGR\u00c8S EN CRISE<\/strong>, \u00c9ditions num\u00e9riques ERRP, 40 pages, 2014.<\/li><li><strong>L&#8217;IMAGINATION CR\u00c9ATRICE<\/strong>, \u00c9ditions num\u00e9riques ERRP, 40 pages, 2015, \u00c9ditions papier.<\/li><li><strong>L\u2019IMAGINATION G\u00c9OPO\u00cf\u00c9TIQUE<\/strong>, Ed. Mimesis, 2016, 208 pages.<\/li><li><strong>ESTH\u00c9TIQUE DE LA TRANSFIGURATION, <\/strong>Cerf, 2016, 305 pages.<\/li><li><strong>SOIGNER<\/strong>, les limites des technosciences en sant\u00e9, E.M.E, 188 p., 2019.<\/li><li><strong>MYTHO-POLITIQUES<\/strong>, histoire des imaginaires du pouvoir, Ed. Mimesis, 2019, 275 p.<\/li><\/ol>\t\t\t\t\t\t\t\t<\/div>\n\t\t\t\t<\/div>\n\t\t\t\t<div class=\"elementor-element elementor-element-4d044ae elementor-widget-divider--view-line elementor-widget elementor-widget-divider\" data-id=\"4d044ae\" data-element_type=\"widget\" data-e-type=\"widget\" data-widget_type=\"divider.default\">\n\t\t\t\t<div class=\"elementor-widget-container\">\n\t\t\t\t\t\t\t<div class=\"elementor-divider\">\n\t\t\t<span class=\"elementor-divider-separator\">\n\t\t\t\t\t\t<\/span>\n\t\t<\/div>\n\t\t\t\t\t\t<\/div>\n\t\t\t\t<\/div>\n\t\t\t\t\t<\/div>\n\t\t\t\t<\/div>\n\t\t<div class=\"elementor-element elementor-element-014c8f9 e-flex e-con-boxed e-con e-parent\" data-id=\"014c8f9\" data-element_type=\"container\" data-e-type=\"container\">\n\t\t\t\t\t<div class=\"e-con-inner\">\n\t\t\t\t<div class=\"elementor-element elementor-element-280879d elementor-widget elementor-widget-heading\" data-id=\"280879d\" data-element_type=\"widget\" data-e-type=\"widget\" data-widget_type=\"heading.default\">\n\t\t\t\t<div class=\"elementor-widget-container\">\n\t\t\t\t\t<h2 class=\"elementor-heading-title elementor-size-default\">Pr\u00e9faces<\/h2>\t\t\t\t<\/div>\n\t\t\t\t<\/div>\n\t\t\t\t\t<\/div>\n\t\t\t\t<\/div>\n\t\t<div class=\"elementor-element elementor-element-8eea39d e-flex e-con-boxed e-con e-parent\" data-id=\"8eea39d\" data-element_type=\"container\" data-e-type=\"container\">\n\t\t\t\t\t<div class=\"e-con-inner\">\n\t\t\t\t<div class=\"elementor-element elementor-element-9dab3d8 elementor-widget elementor-widget-text-editor\" data-id=\"9dab3d8\" data-element_type=\"widget\" data-e-type=\"widget\" data-widget_type=\"text-editor.default\">\n\t\t\t\t<div class=\"elementor-widget-container\">\n\t\t\t\t\t\t\t\t\t<ol><li>(1995) &#8220;Imaginaire et rationalit\u00e9 : la pens\u00e9e de G.Durand. Pr\u00e9face \u00e0 G.DURAND, Lo imaginario, Barcelone, Ediciones del Bronce, 2000, trad catalane, republi\u00e9 in\u00a0 Bulletin de l&#8217;association internationale Gaston Bachelard, N\u00b0 15, 2013, p 121-127<\/li><li>(1998) &#8220;L&#8217;image de l'&#8221;ob-jeu&#8221;&#8221;. Pr\u00e9face \u00e0 Alvaro Gouvea de Pinheiro, A trimensionalidade de rela\u00e7ao analitica, Sao Paulo, Cultrix, 1999.<\/li><li>(1999) Pr\u00e9face \u00e0 Alvaro de Pinheiro Gouvea, \u00ab A trimensionalidade da relacao analytica \u00bb,\u00a0 Sao Paulo, Cultrix, 1999.<\/li><li>(1999) &#8220;Mythologies de l&#8217;eau&#8221;. Pr\u00e9face \u00e0 LES EAUX ECOFORMATRICES (R.Barbier et G.Pineau ed.), L&#8217;Harmattan, 2001.<\/li><li>(2002) Pr\u00e9face \u00e0 A.F.Araujo et F.P. Baptista, Variacoas sobre imaginario, Lisbonne, Instituto Piaget, 2003.<\/li><li>(2003) Pr\u00e9face \u00e0 Maurico Alvarez, O penis bifurcado do sate, arte, imagen e cinema, um essaio sobre o 11 septembre, Rio de Janeiro, Book Link, 2004.<\/li><li>(2003) Pr\u00e9face \u00e0 I.Buse, M\u00e9tamorphoses du symbole, figures de l\u2019imaginaire dans la prose fantastique de Mircea Eliade, Editura Dacia, 2004.<\/li><li>(2003) Pr\u00e9face \u00e0 Corin Braga, Le paradis interdit au Moyen-Age, L\u2019Harmattan, 2004.<\/li><li>(2005) Pr\u00e9face \u00e0 I.Buse,\u00a0 Introduction \u00e0 la philosophie roumaine, Edition Lyon3.<\/li><li>(2005) Pr\u00e9face \u00e0 H.F. Bauza, Voix et visions, po\u00e9sie et repr\u00e9sentation dans le monde antique, L\u2019Harmattan, 2005.<\/li><li>(2005) Pr\u00e9face \u00e0 H.F Bauza, Que es un mito, Fondo de cultura economica, Buenos Aires, 2005.<\/li><li>(2006) Pr\u00e9face \u00e0 Laure Marmilloud, Exercer les soins, Vuibert 2007<\/li><li>(2006) Pr\u00e9face \u00e0 A.L. Tsala Mbani, Le fils de l\u2019homme, L\u2019Harmattan 2007.<\/li><li>(2009) Pr\u00e9face \u00e0 Teresa Castellao, Gaston Bachelard et les \u00e9tudes critiques de la science, L&#8217;Harmatan, 2010<\/li><li>(2009) L\u2019imaginal, in Bachelardiana, N\u00b03- 2008, Il melangello, 2008<\/li><li>(2011) Pr\u00e9face \u00e0 M. N. Lapoujade, Homo Imaginans, I, UNAM Mexico, 2014<\/li><li>(2013) Pr\u00e9face \u00e0 Fr\u00e9d\u00e9ric Orobon, &#8220;Sant\u00e9 publique et libert\u00e9s individuelles : l&#8217;exemple des conduites par lesquelles on peut se nuire \u00e0 soi-m\u00eame, Institut universitaire&#8221; Fondation Varenne, 2013<\/li><li>(2014) &#8220;Une symbolique de la m\u00e9tamorphose de la vie&#8221; in P. Galvani et G. Pineau, LE FEU VECU, exp\u00e9riences du feu \u00e9co-transformateur, L&#8217;Harmattan, 2015, p 7-13<\/li><li>(2014) Imaginaires f\u00e9minins, pr\u00e9face \u00e0 Symbolon<\/li><li>(2014) Pr\u00e9face \u00e0 &#8220;In Gaston Bachelard, mestre na arte de criar pensar viver&#8221;, Catarina Sant&#8217;Anna, ed.\u00a0 Editore UFBA, Salvador de Bahia,\u00a0 2016 , p\u00a0 13-14.<\/li><li>(2015) Mythologies de la violence, Pr\u00e9face Symbolon<\/li><li>(2015),\u00a0 Pr\u00e9face in Portadores. Imaginario e arquitetura,\u00a0 Annablume editoria, Sao Paulo, 2015 (bi-lingue),\u00a0 p 13-15.<\/li><li>(2016) Pr\u00e9face : un compagnon de route d&#8217;Ulysse. Baptiste Rappin, La rame \u00e0 l&#8217;\u00e9paule, Editions Ovadia, 2015, p 11-15<\/li><li>(2016) \u00a0Pr\u00e9face \u00e0 M. Gandillac- W. Bannour : Lieux et figures de l&#8217;Imaginaire, Hermann 2017, p<\/li><li>(2016) Pr\u00e9face \u00e0 G. Durand, \u00ab Les structures anthropologiques de l&#8217;imaginaire \u00bb Dunod, 13eme edition, 2016, p I-Republi\u00e9 in A. Colin<\/li><li>(2019) \u201cLe nouvel esprit scientifique\u201d pr\u00e9face \u00e0 Aurosa Alison,<\/li><li>(2017) Pr\u00e9face \u00e0 psychog\u00e9ographie,<\/li><li>(2018) \u201cD\u2019une toile \u00e0 l\u2019autre : une autobiographie visionnaire d\u2019un net performeur\u201d. Pr\u00e9face au livre d\u2019or de Ramzi Turki, Sfax,<\/li><li>(2018) \u201cStructure et fonction des imaginaires de l\u2019alt\u00e9rit\u00e9\u201d, pr\u00e9face \u00e0 Echinox, congr\u00e8s d\u2019Hammamet,<\/li><li>(2018) \u201cL\u2019Europe en crise\u201d, pr\u00e9face \u00e0 David Duarte, L\u2019Harmattan,<\/li><li>(2018) pr\u00e9face \u00e0 Mercedes Montero, \u201cGautier, au carrefour de l\u2019\u00e2me romantique et d\u00e9cadente\u201d, Peter Lang, 2018.<\/li><li>(2018) Pr\u00e9face sur Ionel Buse, au Journal de la culture, Craiova,<\/li><li>( 2015) pr\u00e9face in <em>Portadores. Imaginario e arquitetura<\/em>,\u00a0 Annablume editoria, Sao Paulo, 2015 (bi-lingue), p 13-15<\/li><li>(2016) Pr\u00e9face \u00e0 Gilbert Durand, SAI,\u00a0 12\u00e8me \u00e9dition, Paris, \u00a0Dunod, 2016, p V \u00e0 XXII, 12 \u00e9me\u00a0 \u00e9dition,\u00a0 Paris, Armand Colin, 2020, p V \u00e0 XXII.<\/li><li>\u00a0(2018), Pr\u00e9face \u00e0 <em>Les fondamentaux du style Wuhao de tai chi<\/em>, de Eric Caulier,\u00a0 Callier \u00e9diteur, 2018, p 9 \u00e0 14.<\/li><li>(2018), Pr\u00e9face \u00e0 \u00ab Gautier, au carrefour de l\u2019\u00e2me romantique et d\u00e9cadente \u00bb, de Mercedes Montoro Araque,\u00a0 New York, Peter Lang, 2018.<\/li><li>(2020) Pr\u00e9face \u00e0 Patricia Lasserre, <a href=\"https:\/\/patricia-lasserre.com\/index.php\/jacob-bohme-le-divin-parleur-patricia-lasserre\/\" target=\"_blank\" rel=\"noopener\">Jacob B\u00f6hme, le divin parleur<\/a>,\u00a0 Les Ed Sp\u00e9ciales, Paris, 2020<\/li><li>(2021) Pr\u00e9face \u00e0 <em>A po\u00e9tica de Gaston Bachelard, mergulho na imaginao<\/em>, (M. Bulcao et alii), Rio de janeiro, Multifoco, 2021, 13 \u00e0 17.<\/li><li>(2022), Postface \u00e0 Bachelardiana,\u00a0 printemps 2022,\u00a0 Bulletin AIGB 2021<\/li><\/ol>\t\t\t\t\t\t\t\t<\/div>\n\t\t\t\t<\/div>\n\t\t\t\t<div class=\"elementor-element elementor-element-a26738e elementor-widget-divider--view-line elementor-widget elementor-widget-divider\" data-id=\"a26738e\" data-element_type=\"widget\" data-e-type=\"widget\" data-widget_type=\"divider.default\">\n\t\t\t\t<div class=\"elementor-widget-container\">\n\t\t\t\t\t\t\t<div class=\"elementor-divider\">\n\t\t\t<span class=\"elementor-divider-separator\">\n\t\t\t\t\t\t<\/span>\n\t\t<\/div>\n\t\t\t\t\t\t<\/div>\n\t\t\t\t<\/div>\n\t\t\t\t\t<\/div>\n\t\t\t\t<\/div>\n\t\t<div class=\"elementor-element elementor-element-ea4ad17 e-flex e-con-boxed e-con e-parent\" data-id=\"ea4ad17\" data-element_type=\"container\" data-e-type=\"container\">\n\t\t\t\t\t<div class=\"e-con-inner\">\n\t\t\t\t<div class=\"elementor-element elementor-element-22ea50f elementor-widget elementor-widget-heading\" data-id=\"22ea50f\" data-element_type=\"widget\" data-e-type=\"widget\" data-widget_type=\"heading.default\">\n\t\t\t\t<div class=\"elementor-widget-container\">\n\t\t\t\t\t<h2 class=\"elementor-heading-title elementor-size-default\">Entretiens<\/h2>\t\t\t\t<\/div>\n\t\t\t\t<\/div>\n\t\t\t\t\t<\/div>\n\t\t\t\t<\/div>\n\t\t<div class=\"elementor-element elementor-element-b26eb4a e-flex e-con-boxed e-con e-parent\" data-id=\"b26eb4a\" data-element_type=\"container\" data-e-type=\"container\">\n\t\t\t\t\t<div class=\"e-con-inner\">\n\t\t\t\t<div class=\"elementor-element elementor-element-8863bc3 elementor-widget elementor-widget-text-editor\" data-id=\"8863bc3\" data-element_type=\"widget\" data-e-type=\"widget\" data-widget_type=\"text-editor.default\">\n\t\t\t\t<div class=\"elementor-widget-container\">\n\t\t\t\t\t\t\t\t\t<ol><li>(1995) Entretiens avec M.N.Lapoujade, RELACIONES, N\u00b0 139, Montevideo, D\u00e9cembre 1995, p 8-9<\/li><li>(1999) Entretiens avec B Mandache, La philosophie fran\u00e7aise contemporaine, Filosofia aventura unui discurs, vol II, Cronica, Iasi, 2000.<\/li><li>(2000)\u00a0 \u00ab Il valore delle imagini \u00bb, entretiens avec Lisa Tropea,\u00a0 In Immagine, forma e stile, M.Mazzocut-Mis, Mimesis, Milan, 2001, p 27-36.<\/li><li>(2001) Entretiens avec Corin Braga sur l&#8217;imaginaire dans ECHINOX, Cluj,vol 2, 2001, p 11 \u00e0 15.<\/li><li>(2002) \u00ab Mythe, libert\u00e9 et nouvelle logique \u00bb, Entretiens avec Mohamed Taleb, in Sciences et arch\u00e9types, Dervy, 2002<\/li><li>(2002) \u00ab Imaginaire et rationalit\u00e9 \u00bb, Entretiens avec I.Buse, SYMBOLON, Ed.univ Craiova, 2002, p 7-13<\/li><li>(2003) \u00ab Imaginar si rationalitate \u00bb Entretiens avec I.Buse, RAMURI, f\u00e9vrier 2003, N\u00b02<\/li><li>(2003) Entretiens avec Mugura Constantinescu, ROMANIA LITERARA,\u00a0 , 17-23 sept 2003, N\u00b032<\/li><li>(2003) Entretiens avce J.F. Mornex sur l\u2019\u00e9thique de la recherche, Revue ISOTOPES- PULyon. (\u00a0\u00a0\u00a0\u00a0\u00a0 ) Entretiens avec JJW \u00e0 propos de la TV, Humus, philosophie et litt\u00e9rature<\/li><li>(2003) &#8220;Ritmicidade, corpo imaginante e fenomenologia da imagina\u00e7\u00e3o em Gaston Bachelard&#8221;. Entrevista de Ana Laudelina Ferreira Gomes e Celeste Ciccaroni. in <strong>CRONOS<\/strong>. Revista do Programa de P\u00f3s-Gradua\u00e7\u00e3o em Ci\u00eancias Sociais da UFRN., Natal-RN, vol.4, n\u00famero \u00bd, jan.\/dez. 2003. p.107-112.<\/li><li>(2004) Entretiens avec B.Mandache, CRONICA, Revista de cultura, N\u00b01, Janvier 2005<\/li><li>(2002) Entretiens avec Ana.Laudelina \u00ab Rythmicit\u00e9, imaginaire et ph\u00e9nom\u00e9nologie de l\u2019imagination \u00bb in\u00a0 Gaston Bachelard, CRONOS, Natal,N\u00b0 1-2, janvier-d\u00e9cembre 2003.<\/li><li>(2006) Entretiens sur Gilbert Durand, SCIENCES HUMAINES, N\u00b0 176, novembre 2006, p 52-53.<\/li><li>(2006) Entretiens avec D. Parrochia, M. Chouleau et L. Vievard sur \u00ab La r\u00e9volution des neurosciences.humaines \u00bb. Les Cahiers de l\u2019Agenda de la sant\u00e9 du Grand Lyon, N\u00b0 6 \u2013avril 2006 suppl\u00e9ment\u00a0 Disponible sur www.millenaire3.com<\/li><li>(2011) Entretiens avec Sylvie Mauris-Demourioux, Philosophie et urbanit\u00e9, Mill\u00e9naire 3; www.millenaire3.com<\/li><li>(2011), \u00a0&#8220;Lo imaginario y sus arborescencias&#8221;. Entretiens avec Blanca Solares, Revue ACTA SOCIOLOGICA, UNAM, Facultad ciencias politicas y sociales, Mexico, janvier-avril 2012, p 119-140.<\/li><li>(2012):\u00a0 &#8220;Penser \u00e0 partir de l&#8217;architecture&#8221;,\u00a0 Entretiens avec Marie-Clotilde Roose et Roland Matthu,\u00a0 LIEUX DITS N\u00b0 6,\u00a0 UCL novembre 2013.<\/li><li>(2018) \u00ab Artistes et robots, avec M\u2026, Le p\u00e8lerin, automne 2018<\/li><\/ol><p>(\u00a0 ) Entretiens avec JP Sironneau, CRI2i<\/p><p>(\u00a0\u00a0\u00a0 ) Entretien il folia : le christianisme en crise, repris Agora et Dogma, livre europe et islam<\/p><p>(\u00a0\u00a0 ) Entretien avec Pierre Olivier, Dijon, Chaine You yube<\/p>\t\t\t\t\t\t\t\t<\/div>\n\t\t\t\t<\/div>\n\t\t\t\t<div class=\"elementor-element elementor-element-2346eef elementor-widget-divider--view-line elementor-widget elementor-widget-divider\" data-id=\"2346eef\" data-element_type=\"widget\" data-e-type=\"widget\" data-widget_type=\"divider.default\">\n\t\t\t\t<div class=\"elementor-widget-container\">\n\t\t\t\t\t\t\t<div class=\"elementor-divider\">\n\t\t\t<span class=\"elementor-divider-separator\">\n\t\t\t\t\t\t<\/span>\n\t\t<\/div>\n\t\t\t\t\t\t<\/div>\n\t\t\t\t<\/div>\n\t\t\t\t\t<\/div>\n\t\t\t\t<\/div>\n\t\t<div class=\"elementor-element elementor-element-3f65dd3 e-flex e-con-boxed e-con e-parent\" data-id=\"3f65dd3\" data-element_type=\"container\" data-e-type=\"container\">\n\t\t\t\t\t<div class=\"e-con-inner\">\n\t\t\t\t<div class=\"elementor-element elementor-element-b2f5e52 elementor-widget elementor-widget-heading\" data-id=\"b2f5e52\" data-element_type=\"widget\" data-e-type=\"widget\" data-widget_type=\"heading.default\">\n\t\t\t\t<div class=\"elementor-widget-container\">\n\t\t\t\t\t<h2 class=\"elementor-heading-title elementor-size-default\"><a href=\"https:\/\/jean-jacques-wunenburger.com\/index.php\/articles-jean-jacques-wunenburger\/\" target=\"_blank\">Articles parus entre 1975 et 2020, cliquez sur le lien <\/a><\/h2>\t\t\t\t<\/div>\n\t\t\t\t<\/div>\n\t\t\t\t\t<\/div>\n\t\t\t\t<\/div>\n\t\t<div class=\"elementor-element elementor-element-aba7fb2 e-flex e-con-boxed e-con e-parent\" data-id=\"aba7fb2\" data-element_type=\"container\" data-e-type=\"container\">\n\t\t\t\t\t<div class=\"e-con-inner\">\n\t\t\t\t<div class=\"elementor-element elementor-element-3532f87 elementor-widget-divider--view-line elementor-widget elementor-widget-divider\" data-id=\"3532f87\" data-element_type=\"widget\" data-e-type=\"widget\" data-widget_type=\"divider.default\">\n\t\t\t\t<div class=\"elementor-widget-container\">\n\t\t\t\t\t\t\t<div class=\"elementor-divider\">\n\t\t\t<span class=\"elementor-divider-separator\">\n\t\t\t\t\t\t<\/span>\n\t\t<\/div>\n\t\t\t\t\t\t<\/div>\n\t\t\t\t<\/div>\n\t\t\t\t\t<\/div>\n\t\t\t\t<\/div>\n\t\t<div class=\"elementor-element elementor-element-326b81d e-flex e-con-boxed e-con e-parent\" data-id=\"326b81d\" data-element_type=\"container\" data-e-type=\"container\">\n\t\t\t\t\t<div class=\"e-con-inner\">\n\t\t\t\t\t<\/div>\n\t\t\t\t<\/div>\n\t\t\t\t<\/div>\n\t\t","protected":false},"excerpt":{"rendered":"<p>Bibliographie Jean-Jacques Wunenburger La bibliographie de Jean-Jacques Wunenburger contient ses ouvrages en fran\u00e7ais et traduits La bibliographie d\u00e9bute avec l&#8217;\u00e9dition de sa th\u00e8se de Doctorat en 1977. Jean-Jacques Wunenburger a tr\u00e8s rapidement encha\u00een\u00e9 sur un second livre en 1979.\u00a0 Il publie r\u00e9guli\u00e8rement depuis et jusqu&#8217;\u00e0 ce jour. Certains ouvrages sont propos\u00e9s \u00e9galement en version num\u00e9rique<\/p>\n<div class=\"more-link\">\n\t\t\t\t <a href=\"https:\/\/jean-jacques-wunenburger.com\/index.php\/bibliographie\/\" class=\"link-btn theme-btn\"><span>Read More <\/span> <i class=\"fa fa-caret-right\"><\/i><\/a>\n\t\t\t<\/div>\n","protected":false},"author":1,"featured_media":1206,"parent":0,"menu_order":0,"comment_status":"closed","ping_status":"closed","template":"","meta":{"om_disable_all_campaigns":false,"_monsterinsights_skip_tracking":false,"_monsterinsights_sitenote_active":false,"_monsterinsights_sitenote_note":"","_monsterinsights_sitenote_category":0,"_uf_show_specific_survey":0,"_uf_disable_surveys":false,"footnotes":""},"class_list":["post-67","page","type-page","status-publish","has-post-thumbnail","hentry"],"aioseo_notices":[],"yoast_head":"<!-- This site is optimized with the Yoast SEO plugin v27.4 - https:\/\/yoast.com\/product\/yoast-seo-wordpress\/ -->\n<title>Bibliographie - Jean-Jacques Wunenburger<\/title>\n<meta name=\"description\" content=\"Bibliographie compl\u00e8te de Jean-Jacques Wunenburger, ouvrages, ouvrages collectifs, pr\u00e9faces, directions \u00e9ditoriales, traductions\" \/>\n<meta name=\"robots\" content=\"index, follow, max-snippet:-1, max-image-preview:large, max-video-preview:-1\" \/>\n<link rel=\"canonical\" href=\"https:\/\/jean-jacques-wunenburger.com\/index.php\/bibliographie\/\" \/>\n<meta property=\"og:locale\" content=\"en_US\" \/>\n<meta property=\"og:type\" content=\"article\" \/>\n<meta property=\"og:title\" content=\"Bibliographie - Jean-Jacques Wunenburger\" \/>\n<meta property=\"og:description\" content=\"Bibliographie compl\u00e8te de Jean-Jacques Wunenburger, ouvrages, ouvrages collectifs, pr\u00e9faces, directions \u00e9ditoriales, traductions\" \/>\n<meta property=\"og:url\" content=\"https:\/\/jean-jacques-wunenburger.com\/index.php\/bibliographie\/\" \/>\n<meta property=\"og:site_name\" content=\"Jean-Jacques Wunenburger\" \/>\n<meta property=\"article:modified_time\" content=\"2024-03-15T14:20:14+00:00\" \/>\n<meta property=\"og:image\" content=\"https:\/\/jean-jacques-wunenburger.com\/wp-content\/uploads\/2023\/07\/books-4515917_1280.jpg\" \/>\n\t<meta property=\"og:image:width\" content=\"1280\" \/>\n\t<meta property=\"og:image:height\" content=\"853\" \/>\n\t<meta property=\"og:image:type\" content=\"image\/jpeg\" \/>\n<meta name=\"twitter:card\" content=\"summary_large_image\" \/>\n<meta name=\"twitter:label1\" content=\"Est. reading time\" \/>\n\t<meta name=\"twitter:data1\" content=\"8 minutes\" \/>\n<script type=\"application\/ld+json\" class=\"yoast-schema-graph\">{\"@context\":\"https:\\\/\\\/schema.org\",\"@graph\":[{\"@type\":\"WebPage\",\"@id\":\"https:\\\/\\\/jean-jacques-wunenburger.com\\\/index.php\\\/bibliographie\\\/\",\"url\":\"https:\\\/\\\/jean-jacques-wunenburger.com\\\/index.php\\\/bibliographie\\\/\",\"name\":\"Bibliographie - Jean-Jacques Wunenburger\",\"isPartOf\":{\"@id\":\"https:\\\/\\\/jean-jacques-wunenburger.com\\\/#website\"},\"primaryImageOfPage\":{\"@id\":\"https:\\\/\\\/jean-jacques-wunenburger.com\\\/index.php\\\/bibliographie\\\/#primaryimage\"},\"image\":{\"@id\":\"https:\\\/\\\/jean-jacques-wunenburger.com\\\/index.php\\\/bibliographie\\\/#primaryimage\"},\"thumbnailUrl\":\"https:\\\/\\\/jean-jacques-wunenburger.com\\\/wp-content\\\/uploads\\\/2023\\\/07\\\/books-4515917_1280.jpg\",\"datePublished\":\"2023-02-18T16:32:55+00:00\",\"dateModified\":\"2024-03-15T14:20:14+00:00\",\"description\":\"Bibliographie compl\u00e8te de Jean-Jacques Wunenburger, ouvrages, ouvrages collectifs, pr\u00e9faces, directions \u00e9ditoriales, traductions\",\"breadcrumb\":{\"@id\":\"https:\\\/\\\/jean-jacques-wunenburger.com\\\/index.php\\\/bibliographie\\\/#breadcrumb\"},\"inLanguage\":\"en-US\",\"potentialAction\":[{\"@type\":\"ReadAction\",\"target\":[\"https:\\\/\\\/jean-jacques-wunenburger.com\\\/index.php\\\/bibliographie\\\/\"]}]},{\"@type\":\"ImageObject\",\"inLanguage\":\"en-US\",\"@id\":\"https:\\\/\\\/jean-jacques-wunenburger.com\\\/index.php\\\/bibliographie\\\/#primaryimage\",\"url\":\"https:\\\/\\\/jean-jacques-wunenburger.com\\\/wp-content\\\/uploads\\\/2023\\\/07\\\/books-4515917_1280.jpg\",\"contentUrl\":\"https:\\\/\\\/jean-jacques-wunenburger.com\\\/wp-content\\\/uploads\\\/2023\\\/07\\\/books-4515917_1280.jpg\",\"width\":1280,\"height\":853,\"caption\":\"Bibliographie de jean-jacques wunenburger\"},{\"@type\":\"BreadcrumbList\",\"@id\":\"https:\\\/\\\/jean-jacques-wunenburger.com\\\/index.php\\\/bibliographie\\\/#breadcrumb\",\"itemListElement\":[{\"@type\":\"ListItem\",\"position\":1,\"name\":\"Accueil\",\"item\":\"https:\\\/\\\/jean-jacques-wunenburger.com\\\/\"},{\"@type\":\"ListItem\",\"position\":2,\"name\":\"Bibliographie\"}]},{\"@type\":\"WebSite\",\"@id\":\"https:\\\/\\\/jean-jacques-wunenburger.com\\\/#website\",\"url\":\"https:\\\/\\\/jean-jacques-wunenburger.com\\\/\",\"name\":\"Jean-Jacques Wunenburger\",\"description\":\"Philosophe, Professeur \u00e9m\u00e9rite\",\"potentialAction\":[{\"@type\":\"SearchAction\",\"target\":{\"@type\":\"EntryPoint\",\"urlTemplate\":\"https:\\\/\\\/jean-jacques-wunenburger.com\\\/?s={search_term_string}\"},\"query-input\":{\"@type\":\"PropertyValueSpecification\",\"valueRequired\":true,\"valueName\":\"search_term_string\"}}],\"inLanguage\":\"en-US\"}]}<\/script>\n<!-- \/ Yoast SEO plugin. -->","yoast_head_json":{"title":"Bibliographie - Jean-Jacques Wunenburger","description":"Bibliographie compl\u00e8te de Jean-Jacques Wunenburger, ouvrages, ouvrages collectifs, pr\u00e9faces, directions \u00e9ditoriales, traductions","robots":{"index":"index","follow":"follow","max-snippet":"max-snippet:-1","max-image-preview":"max-image-preview:large","max-video-preview":"max-video-preview:-1"},"canonical":"https:\/\/jean-jacques-wunenburger.com\/index.php\/bibliographie\/","og_locale":"en_US","og_type":"article","og_title":"Bibliographie - Jean-Jacques Wunenburger","og_description":"Bibliographie compl\u00e8te de Jean-Jacques Wunenburger, ouvrages, ouvrages collectifs, pr\u00e9faces, directions \u00e9ditoriales, traductions","og_url":"https:\/\/jean-jacques-wunenburger.com\/index.php\/bibliographie\/","og_site_name":"Jean-Jacques Wunenburger","article_modified_time":"2024-03-15T14:20:14+00:00","og_image":[{"width":1280,"height":853,"url":"https:\/\/jean-jacques-wunenburger.com\/wp-content\/uploads\/2023\/07\/books-4515917_1280.jpg","type":"image\/jpeg"}],"twitter_card":"summary_large_image","twitter_misc":{"Est. reading time":"8 minutes"},"schema":{"@context":"https:\/\/schema.org","@graph":[{"@type":"WebPage","@id":"https:\/\/jean-jacques-wunenburger.com\/index.php\/bibliographie\/","url":"https:\/\/jean-jacques-wunenburger.com\/index.php\/bibliographie\/","name":"Bibliographie - Jean-Jacques Wunenburger","isPartOf":{"@id":"https:\/\/jean-jacques-wunenburger.com\/#website"},"primaryImageOfPage":{"@id":"https:\/\/jean-jacques-wunenburger.com\/index.php\/bibliographie\/#primaryimage"},"image":{"@id":"https:\/\/jean-jacques-wunenburger.com\/index.php\/bibliographie\/#primaryimage"},"thumbnailUrl":"https:\/\/jean-jacques-wunenburger.com\/wp-content\/uploads\/2023\/07\/books-4515917_1280.jpg","datePublished":"2023-02-18T16:32:55+00:00","dateModified":"2024-03-15T14:20:14+00:00","description":"Bibliographie compl\u00e8te de Jean-Jacques Wunenburger, ouvrages, ouvrages collectifs, pr\u00e9faces, directions \u00e9ditoriales, traductions","breadcrumb":{"@id":"https:\/\/jean-jacques-wunenburger.com\/index.php\/bibliographie\/#breadcrumb"},"inLanguage":"en-US","potentialAction":[{"@type":"ReadAction","target":["https:\/\/jean-jacques-wunenburger.com\/index.php\/bibliographie\/"]}]},{"@type":"ImageObject","inLanguage":"en-US","@id":"https:\/\/jean-jacques-wunenburger.com\/index.php\/bibliographie\/#primaryimage","url":"https:\/\/jean-jacques-wunenburger.com\/wp-content\/uploads\/2023\/07\/books-4515917_1280.jpg","contentUrl":"https:\/\/jean-jacques-wunenburger.com\/wp-content\/uploads\/2023\/07\/books-4515917_1280.jpg","width":1280,"height":853,"caption":"Bibliographie de jean-jacques wunenburger"},{"@type":"BreadcrumbList","@id":"https:\/\/jean-jacques-wunenburger.com\/index.php\/bibliographie\/#breadcrumb","itemListElement":[{"@type":"ListItem","position":1,"name":"Accueil","item":"https:\/\/jean-jacques-wunenburger.com\/"},{"@type":"ListItem","position":2,"name":"Bibliographie"}]},{"@type":"WebSite","@id":"https:\/\/jean-jacques-wunenburger.com\/#website","url":"https:\/\/jean-jacques-wunenburger.com\/","name":"Jean-Jacques Wunenburger","description":"Philosophe, Professeur \u00e9m\u00e9rite","potentialAction":[{"@type":"SearchAction","target":{"@type":"EntryPoint","urlTemplate":"https:\/\/jean-jacques-wunenburger.com\/?s={search_term_string}"},"query-input":{"@type":"PropertyValueSpecification","valueRequired":true,"valueName":"search_term_string"}}],"inLanguage":"en-US"}]}},"_links":{"self":[{"href":"https:\/\/jean-jacques-wunenburger.com\/index.php\/wp-json\/wp\/v2\/pages\/67","targetHints":{"allow":["GET"]}}],"collection":[{"href":"https:\/\/jean-jacques-wunenburger.com\/index.php\/wp-json\/wp\/v2\/pages"}],"about":[{"href":"https:\/\/jean-jacques-wunenburger.com\/index.php\/wp-json\/wp\/v2\/types\/page"}],"author":[{"embeddable":true,"href":"https:\/\/jean-jacques-wunenburger.com\/index.php\/wp-json\/wp\/v2\/users\/1"}],"replies":[{"embeddable":true,"href":"https:\/\/jean-jacques-wunenburger.com\/index.php\/wp-json\/wp\/v2\/comments?post=67"}],"version-history":[{"count":112,"href":"https:\/\/jean-jacques-wunenburger.com\/index.php\/wp-json\/wp\/v2\/pages\/67\/revisions"}],"predecessor-version":[{"id":1358,"href":"https:\/\/jean-jacques-wunenburger.com\/index.php\/wp-json\/wp\/v2\/pages\/67\/revisions\/1358"}],"wp:featuredmedia":[{"embeddable":true,"href":"https:\/\/jean-jacques-wunenburger.com\/index.php\/wp-json\/wp\/v2\/media\/1206"}],"wp:attachment":[{"href":"https:\/\/jean-jacques-wunenburger.com\/index.php\/wp-json\/wp\/v2\/media?parent=67"}],"curies":[{"name":"wp","href":"https:\/\/api.w.org\/{rel}","templated":true}]}}