{"id":76,"date":"2023-02-18T17:34:40","date_gmt":"2023-02-18T16:34:40","guid":{"rendered":"http:\/\/jean-jacques-wunenburger.com\/?page_id=76"},"modified":"2023-09-17T15:46:53","modified_gmt":"2023-09-17T13:46:53","slug":"travail-universitaire-jean-jacques-wunenburger","status":"publish","type":"page","link":"https:\/\/jean-jacques-wunenburger.com\/index.php\/travail-universitaire-jean-jacques-wunenburger\/","title":{"rendered":"Travail universitaire"},"content":{"rendered":"\t\t<div data-elementor-type=\"wp-page\" data-elementor-id=\"76\" class=\"elementor elementor-76\">\n\t\t\t\t\t\t<section class=\"elementor-section elementor-top-section elementor-element elementor-element-212ff02 elementor-section-boxed elementor-section-height-default elementor-section-height-default\" data-id=\"212ff02\" data-element_type=\"section\" data-e-type=\"section\">\n\t\t\t\t\t\t<div class=\"elementor-container elementor-column-gap-default\">\n\t\t\t\t\t<div class=\"elementor-column elementor-col-100 elementor-top-column elementor-element elementor-element-4f22552\" data-id=\"4f22552\" data-element_type=\"column\" data-e-type=\"column\">\n\t\t\t<div class=\"elementor-widget-wrap elementor-element-populated\">\n\t\t\t\t\t\t<div class=\"elementor-element elementor-element-5cf6495 elementor-widget elementor-widget-heading\" data-id=\"5cf6495\" data-element_type=\"widget\" data-e-type=\"widget\" data-widget_type=\"heading.default\">\n\t\t\t\t<div class=\"elementor-widget-container\">\n\t\t\t\t\t<h1 class=\"elementor-heading-title elementor-size-xxl\">Travail universitaire<\/h1>\t\t\t\t<\/div>\n\t\t\t\t<\/div>\n\t\t\t\t\t<\/div>\n\t\t<\/div>\n\t\t\t\t\t<\/div>\n\t\t<\/section>\n\t\t<div class=\"elementor-element elementor-element-e96f27c e-flex e-con-boxed e-con e-parent\" data-id=\"e96f27c\" data-element_type=\"container\" data-e-type=\"container\">\n\t\t\t\t\t<div class=\"e-con-inner\">\n\t\t\t\t<div class=\"elementor-element elementor-element-95762d3 elementor-widget-divider--view-line elementor-widget elementor-widget-divider\" data-id=\"95762d3\" data-element_type=\"widget\" data-e-type=\"widget\" data-widget_type=\"divider.default\">\n\t\t\t\t<div class=\"elementor-widget-container\">\n\t\t\t\t\t\t\t<div class=\"elementor-divider\">\n\t\t\t<span class=\"elementor-divider-separator\">\n\t\t\t\t\t\t<\/span>\n\t\t<\/div>\n\t\t\t\t\t\t<\/div>\n\t\t\t\t<\/div>\n\t\t\t\t\t<\/div>\n\t\t\t\t<\/div>\n\t\t<div class=\"elementor-element elementor-element-761da34 e-flex e-con-boxed e-con e-parent\" data-id=\"761da34\" data-element_type=\"container\" data-e-type=\"container\">\n\t\t\t\t\t<div class=\"e-con-inner\">\n\t\t\t\t<div class=\"elementor-element elementor-element-8d5f47b elementor-widget elementor-widget-heading\" data-id=\"8d5f47b\" data-element_type=\"widget\" data-e-type=\"widget\" data-widget_type=\"heading.default\">\n\t\t\t\t<div class=\"elementor-widget-container\">\n\t\t\t\t\t<h2 class=\"elementor-heading-title elementor-size-default\"><a href=\"https:\/\/ufr-lettres-philosophie.u-bourgogne.fr\/depart-philosophie\" target=\"_blank\">Travail universitaire en engagements \u00e0 la Facult\u00e9 de Dijon \/ 1976-1999<\/a><\/h2>\t\t\t\t<\/div>\n\t\t\t\t<\/div>\n\t\t\t\t\t<\/div>\n\t\t\t\t<\/div>\n\t\t<div class=\"elementor-element elementor-element-1975bfc e-flex e-con-boxed e-con e-parent\" data-id=\"1975bfc\" data-element_type=\"container\" data-e-type=\"container\">\n\t\t\t\t\t<div class=\"e-con-inner\">\n\t\t\t\t<div class=\"elementor-element elementor-element-56d119f elementor-widget elementor-widget-text-editor\" data-id=\"56d119f\" data-element_type=\"widget\" data-e-type=\"widget\" data-widget_type=\"text-editor.default\">\n\t\t\t\t<div class=\"elementor-widget-container\">\n\t\t\t\t\t\t\t\t\t<p>Le travail universitaire de Jean-Jacques Wunenburger d\u00e9bute en 1976 \u00e0 Dijon. Sp\u00e9cialiste de l&#8217;image et du sacr\u00e9 il comptabilise plus de 80 directions de th\u00e8ses.<\/p><p>\u00c0 c\u00f4t\u00e9 d\u2019enseignements d\u2019histoire de la philosophie et de philosophie g\u00e9n\u00e9rale, il \u00e9tend ses recherches au sein du CRISM (\u00ab Centre de recherches sur l\u2019image, le symbole et le mythe \u00bb). Le centre dirig\u00e9 par Max Milner puis Jean Foyard, devient en 1991 \u00e0 son initiative le \u00ab Centre Gaston Bachelard de recherches sur l\u2019imaginaire et la rationalit\u00e9 \u00bb (\u00c9quipe d\u2019accueil de recherches). Il regroupe des enseignants-chercheurs philosophes et litt\u00e9raires. Dans ce cadre, il fonde les revues \u00ab Figures \u00bb (1986) et \u00ab Figures libres \u00bb (1989). Le Centre Gaston Bachelard qu\u2019il dirige (de 1991 \u00e0 1999) met en \u0153uvre des recherches sur l\u2019\u0153uvre de G. Bachelard publi\u00e9es dans les <em>Cahiers Gaston Bachelard<\/em>, fond\u00e9s (avec Maryvonne Perrot) en 1998.<span style=\"color: var( --e-global-color-text ); font-family: var( --e-global-typography-text-font-family ), Sans-serif; font-weight: var( --e-global-typography-text-font-weight );\">\u00a0Mais aussi des travaux pluridisciplinaires (lettres, arts) sur les imaginaires.\u00a0<\/span><\/p><p><span style=\"color: var( --e-global-color-text ); font-family: var( --e-global-typography-text-font-family ), Sans-serif; font-weight: var( --e-global-typography-text-font-weight );\">Viennent ensuite la cr\u00e9ation d&#8217;un programme d\u2019organisation et d\u2019\u00e9dition de colloques nationaux et internationaux de philosophie. Histoire des sciences, Histoire de la philosophie, Annales doctorales, Litt\u00e9rature et philosophie, avec Jacques Poirier. Dont certains avec la \u00ab\u00a0Soci\u00e9t\u00e9 bourguignonne de philosophie\u00a0\u00bb et les d\u00e9partements litt\u00e9raires<\/span><span style=\"color: var( --e-global-color-text ); font-family: var( --e-global-typography-text-font-family ), Sans-serif; font-weight: var( --e-global-typography-text-font-weight );\">. Le catalogue comprend plus de 70 titres parus entre 1986 et 2004.<\/span><\/p><p>\u00a0<\/p>\t\t\t\t\t\t\t\t<\/div>\n\t\t\t\t<\/div>\n\t\t\t\t\t<\/div>\n\t\t\t\t<\/div>\n\t\t<div class=\"elementor-element elementor-element-f824de6 e-flex e-con-boxed e-con e-parent\" data-id=\"f824de6\" data-element_type=\"container\" data-e-type=\"container\">\n\t\t\t\t\t<div class=\"e-con-inner\">\n\t\t\t\t<div class=\"elementor-element elementor-element-0f5cce0 elementor-widget elementor-widget-heading\" data-id=\"0f5cce0\" data-element_type=\"widget\" data-e-type=\"widget\" data-widget_type=\"heading.default\">\n\t\t\t\t<div class=\"elementor-widget-container\">\n\t\t\t\t\t<h3 class=\"elementor-heading-title elementor-size-default\">Responsabilit\u00e9s et \u00e9changes<\/h3>\t\t\t\t<\/div>\n\t\t\t\t<\/div>\n\t\t\t\t\t<\/div>\n\t\t\t\t<\/div>\n\t\t<div class=\"elementor-element elementor-element-b1620d1 e-flex e-con-boxed e-con e-parent\" data-id=\"b1620d1\" data-element_type=\"container\" data-e-type=\"container\">\n\t\t\t\t\t<div class=\"e-con-inner\">\n\t\t\t\t<div class=\"elementor-element elementor-element-092b36b elementor-widget elementor-widget-text-editor\" data-id=\"092b36b\" data-element_type=\"widget\" data-e-type=\"widget\" data-widget_type=\"text-editor.default\">\n\t\t\t\t<div class=\"elementor-widget-container\">\n\t\t\t\t\t\t\t\t\t<p>Jean-Jacques Wunenburger devient alors membre associ\u00e9 du CRI (\u00ab\u00a0Centre de recherches sur l\u2019imaginaire\u00a0\u00bb, devenu un temps GRECO-CRI du CNRS) de l\u2019Universit\u00e9 de Chamb\u00e9ry dirig\u00e9 par Gilbert Durand. Il y assiste pendant plusieurs ann\u00e9es (1977 sq.) \u00e0 des journ\u00e9es d\u2019\u00e9tudes. Suite \u00e0 quoi il int\u00e8gre le bureau du CRI et assure la responsabilit\u00e9 de la r\u00e9daction du <em>Bulletin des Centres de recherches sur l\u2019imaginaire<\/em> (Disponible sur le site du CRI2i) (1993-2016).<\/p><p>Occupant diff\u00e9rentes responsabilit\u00e9s p\u00e9dagogiques et administratives, il participe activement aux \u00e9changes (enseignements, s\u00e9minaires, colloques) entre les Universit\u00e9s de Dijon et de Mayence (Palatinat-Allemagne). Et \u00e9galement entre celles de Dijon et l\u2019Universit\u00e9 Orientale de Naples.\u00a0 Il anime \u00e0 Dijon diff\u00e9rentes associations, dont \u00ab\u00a0Renaissance\u00a0\u00bb. Destin\u00e9e \u00e0 favoriser une inspiration chr\u00e9tienne des affaires de la Cit\u00e9 et \u00e0 favoriser le dialogue inter-religieux entre catholiques, protestants et orthodoxes. Il publie r\u00e9guli\u00e8rement des chroniques dans les mensuels <em>Tant qu\u2019il fait jour<\/em> (1971-1975) et <em>Catholica<\/em> (1991-1996), avant de prendre ses distances avec les Eglises.<\/p><p>Dans le cadre de l\u2019engagement en faveur de la discipline de la philosophie, il exerce des d\u00e9l\u00e9gations nationales au SNALC (Syndicat national des Lyc\u00e9es et coll\u00e8ges). Celles-ci l\u2019am\u00e8nent \u00e0 participer au Minist\u00e8re aux projets de r\u00e9forme de la philosophie dans le cadre de la r\u00e9forme Haby (d\u00e9bats du GREPH avec Jacques Derrida, en 1979). Il assure la direction de la r\u00e9gionale de Dijon de l\u2019Association des professeurs de philosophie de l\u2019enseignement public. Puis il int\u00e8gre La \u00ab\u00a0Soci\u00e9t\u00e9 bourguignonne de philosophie\u00a0\u00bb et de l\u2019ASPLF (\u00ab\u00a0Association des soci\u00e9t\u00e9s de philosophie de langue fran\u00e7aise\u00a0\u00bb). Dirig\u00e9e par Jean Ferrari. Ils co-organisent le XXII\u00e8me Congr\u00e8s sur l\u2019espace et le temps en 1988 (sous la pr\u00e9sidence de P. Ricoeur). \u00a0Il repr\u00e9sente la France au Congr\u00e8s de S\u00e9oul (2013) de la Soci\u00e9t\u00e9 internationale de philosophie.<\/p><p>\u00a0<\/p>\t\t\t\t\t\t\t\t<\/div>\n\t\t\t\t<\/div>\n\t\t\t\t\t<\/div>\n\t\t\t\t<\/div>\n\t\t<div class=\"elementor-element elementor-element-8ecb32a e-flex e-con-boxed e-con e-parent\" data-id=\"8ecb32a\" data-element_type=\"container\" data-e-type=\"container\">\n\t\t\t\t\t<div class=\"e-con-inner\">\n\t\t\t\t<div class=\"elementor-element elementor-element-2a78aa3 elementor-widget elementor-widget-heading\" data-id=\"2a78aa3\" data-element_type=\"widget\" data-e-type=\"widget\" data-widget_type=\"heading.default\">\n\t\t\t\t<div class=\"elementor-widget-container\">\n\t\t\t\t\t<h3 class=\"elementor-heading-title elementor-size-default\">Sur le plan institutionnel<\/h3>\t\t\t\t<\/div>\n\t\t\t\t<\/div>\n\t\t\t\t\t<\/div>\n\t\t\t\t<\/div>\n\t\t<div class=\"elementor-element elementor-element-881df8a e-flex e-con-boxed e-con e-parent\" data-id=\"881df8a\" data-element_type=\"container\" data-e-type=\"container\">\n\t\t\t\t\t<div class=\"e-con-inner\">\n\t\t\t\t<div class=\"elementor-element elementor-element-1a35295 elementor-widget elementor-widget-text-editor\" data-id=\"1a35295\" data-element_type=\"widget\" data-e-type=\"widget\" data-widget_type=\"text-editor.default\">\n\t\t\t\t<div class=\"elementor-widget-container\">\n\t\t\t\t\t\t\t\t\t<p>Sur le plan institutionnel : nomination au Comit\u00e9 National des Universit\u00e9s (CNU, section 17) plusieurs sessions successives (entre 1993 et 2016). Patricipation au jury national du CAPES et aux jurys de l\u2019agr\u00e9gation de philosophie (1995-1998, sous la direction des pr\u00e9sidents B. Bourgeois et de J.F Marquet).<\/p><p>Parmi les plus repr\u00e9sentatifs\u00a0: La rencontre des imaginaires entre Europe et Am\u00e9riques, 1991.\u00a0 Les figures de la forme, 1991. La couleur, 1992. Le paradigme de la filiation, 1994. Raymond Ruyer, de la science \u00e0 la th\u00e9ologie, 1994. Les figures du temps, 1996. Lire l\u2019espace, 1995. Mythe et philosophie, 1998. Bachelard dans le monde, 1999. La finalit\u00e9 en question, 1999, etc.\u00a0<\/p>\t\t\t\t\t\t\t\t<\/div>\n\t\t\t\t<\/div>\n\t\t\t\t<div class=\"elementor-element elementor-element-87270a5 elementor-widget-divider--view-line elementor-widget elementor-widget-divider\" data-id=\"87270a5\" data-element_type=\"widget\" data-e-type=\"widget\" data-widget_type=\"divider.default\">\n\t\t\t\t<div class=\"elementor-widget-container\">\n\t\t\t\t\t\t\t<div class=\"elementor-divider\">\n\t\t\t<span class=\"elementor-divider-separator\">\n\t\t\t\t\t\t<\/span>\n\t\t<\/div>\n\t\t\t\t\t\t<\/div>\n\t\t\t\t<\/div>\n\t\t\t\t\t<\/div>\n\t\t\t\t<\/div>\n\t\t<div class=\"elementor-element elementor-element-c3ceaec e-flex e-con-boxed e-con e-parent\" data-id=\"c3ceaec\" data-element_type=\"container\" data-e-type=\"container\">\n\t\t\t\t\t<div class=\"e-con-inner\">\n\t\t\t\t<div class=\"elementor-element elementor-element-e0345cd elementor-widget elementor-widget-heading\" data-id=\"e0345cd\" data-element_type=\"widget\" data-e-type=\"widget\" data-widget_type=\"heading.default\">\n\t\t\t\t<div class=\"elementor-widget-container\">\n\t\t\t\t\t<h2 class=\"elementor-heading-title elementor-size-default\"><a href=\"https:\/\/facdephilo.univ-lyon3.fr\/\" target=\"_blank\">Travail universitaire et engagements \u00e0 la Facut\u00e9 Jean-Moulin Lyon 3\/ 1999-2014<\/a><\/h2>\t\t\t\t<\/div>\n\t\t\t\t<\/div>\n\t\t\t\t\t<\/div>\n\t\t\t\t<\/div>\n\t\t<div class=\"elementor-element elementor-element-ea4b1bf e-flex e-con-boxed e-con e-parent\" data-id=\"ea4b1bf\" data-element_type=\"container\" data-e-type=\"container\">\n\t\t\t\t\t<div class=\"e-con-inner\">\n\t\t\t\t<div class=\"elementor-element elementor-element-3cbee25 elementor-widget elementor-widget-text-editor\" data-id=\"3cbee25\" data-element_type=\"widget\" data-e-type=\"widget\" data-widget_type=\"text-editor.default\">\n\t\t\t\t<div class=\"elementor-widget-container\">\n\t\t\t\t\t\t\t\t\t<p>La Facult\u00e9 de philosophie de l\u2019Universit\u00e9 Jean-Moulin Lyon 3 constitue une \u00e9tape d\u00e9cisive dans sa carri\u00e8re universitaire. S&#8217;ensuit une rapide \u00e9lection comme doyen (en fonction de 2000 \u00e0 2005 puis 2005-2010). Jean-Jacques Wunenburger int\u00e8gre alors les \u00e9quipes de direction de 4 pr\u00e9sidents successifs. Gilles Guyot, Guy Lavorel, Hughes Fulchiron et Jacques Comby lui font exercer, entre autres, les responsabilit\u00e9s de Vice-pr\u00e9sident de la recherche (2001-2004). Puis de directeur des Relations internationales (2011-2013). Il met en \u0153uvre de nombreux \u00e9changes internationaux et conventions Erasmus. Et il participe \u00e0 la mise en place du processus de Bologne. Dans le cadre des nouveaux Masters, il cr\u00e9e en 2002 un Master \u00ab Culture et sant\u00e9 \u00bb, formation philo-m\u00e9dicale nouvelle, et un master innovant \u00ab Ethique et D\u00e9veloppement durable \u00bb,. S&#8217;ensuivra une d\u00e9localisation \u00e0 l\u2019universit\u00e9 de Shanghai (2013-).<\/p><p>Entre 2003 et 2008, il devient responsable pour la philosophie de la MST (Mission scientifique et technique) au Minist\u00e8re de l\u2019enseignement sup\u00e9rieur et de la recherche, sous la direction de Dominique Barjot. Cette mission expertise les masters et \u00e9quipes de recherche fran\u00e7ais en 4 vagues. Il participe \u00e0 plusieurs comit\u00e9s d\u2019\u00e9valuation de l\u2019AERES.<\/p>\t\t\t\t\t\t\t\t<\/div>\n\t\t\t\t<\/div>\n\t\t\t\t\t<\/div>\n\t\t\t\t<\/div>\n\t\t<div class=\"elementor-element elementor-element-bd78a4f e-flex e-con-boxed e-con e-parent\" data-id=\"bd78a4f\" data-element_type=\"container\" data-e-type=\"container\">\n\t\t\t\t\t<div class=\"e-con-inner\">\n\t\t\t\t<div class=\"elementor-element elementor-element-b757336 elementor-widget elementor-widget-heading\" data-id=\"b757336\" data-element_type=\"widget\" data-e-type=\"widget\" data-widget_type=\"heading.default\">\n\t\t\t\t<div class=\"elementor-widget-container\">\n\t\t\t\t\t<h3 class=\"elementor-heading-title elementor-size-default\">Restructuration <\/h3>\t\t\t\t<\/div>\n\t\t\t\t<\/div>\n\t\t\t\t\t<\/div>\n\t\t\t\t<\/div>\n\t\t<div class=\"elementor-element elementor-element-623ffe2 e-flex e-con-boxed e-con e-parent\" data-id=\"623ffe2\" data-element_type=\"container\" data-e-type=\"container\">\n\t\t\t\t\t<div class=\"e-con-inner\">\n\t\t\t\t<div class=\"elementor-element elementor-element-02aa982 elementor-widget elementor-widget-text-editor\" data-id=\"02aa982\" data-element_type=\"widget\" data-e-type=\"widget\" data-widget_type=\"text-editor.default\">\n\t\t\t\t<div class=\"elementor-widget-container\">\n\t\t\t\t\t\t\t\t\t<p>Restructuration de la recherche de la facult\u00e9 de philosophie de Lyon 3 gr\u00e2ce \u00e0 la cr\u00e9ation de plusieurs groupes de recherches. Puis, en 2004, fondation de l\u2019\u00a0\u00ab\u00a0Institut de recherches philosophiques de Lyon\u00a0\u00bb (IRPhil), qui f\u00e9d\u00e8re toutes les recherches de la facult\u00e9, et cr\u00e9e la collection de publications \u00ab\u00a0Diagonale Phi\u00a0\u00bb. Il organise des relations contractuelles avec la facult\u00e9 catholique de philosophie de Lyon et avec le premier cycle de l\u2019universit\u00e9 de Chamb\u00e9ry. Il refonde en 2000 la \u00ab\u00a0Soci\u00e9t\u00e9 lyonnaise de philosophie\u00a0\u00bb sous le nom de \u00ab\u00a0Soci\u00e9t\u00e9 rhodanienne de philosophie\u00a0\u00bb (dont il est pr\u00e9sident d\u2019honneur depuis 2014).<\/p><p>Durant ces ann\u00e9es il est aussi Expert au Conseil de recherches en sciences humaines du Canada, Expert au Fonds de recherche du Qu\u00e9bec, Expert au FNRS de Belgique (2003- ).\u00a0<span style=\"color: var( --e-global-color-text ); font-family: var( --e-global-typography-text-font-family ), Sans-serif; font-weight: var( --e-global-typography-text-font-weight );\">Expert \u00e0 l\u2019AERES France (2008-2011).<\/span><\/p><p>Lors de sa cr\u00e9ation, il devient pr\u00e9sident du Conseil scientifique du Labex IMU (\u00ab\u00a0Institut des mondes urbains\u00a0\u00bb de l\u2019universit\u00e9 de Lyon (2011-2014). Il fait partie du du Conseil scientifique de l&#8217;Espace \u00e9thique Rh\u00f4ne-Alpes.<\/p><p>\u00a0<\/p>\t\t\t\t\t\t\t\t<\/div>\n\t\t\t\t<\/div>\n\t\t\t\t\t<\/div>\n\t\t\t\t<\/div>\n\t\t<div class=\"elementor-element elementor-element-c081287 e-flex e-con-boxed e-con e-parent\" data-id=\"c081287\" data-element_type=\"container\" data-e-type=\"container\">\n\t\t\t\t\t<div class=\"e-con-inner\">\n\t\t\t\t<div class=\"elementor-element elementor-element-5592066 elementor-widget elementor-widget-heading\" data-id=\"5592066\" data-element_type=\"widget\" data-e-type=\"widget\" data-widget_type=\"heading.default\">\n\t\t\t\t<div class=\"elementor-widget-container\">\n\t\t\t\t\t<h3 class=\"elementor-heading-title elementor-size-default\">Gaston Bachelard et Gilbert Durand<\/h3>\t\t\t\t<\/div>\n\t\t\t\t<\/div>\n\t\t\t\t\t<\/div>\n\t\t\t\t<\/div>\n\t\t<div class=\"elementor-element elementor-element-c1f48a9 e-flex e-con-boxed e-con e-parent\" data-id=\"c1f48a9\" data-element_type=\"container\" data-e-type=\"container\">\n\t\t\t\t\t<div class=\"e-con-inner\">\n\t\t\t\t<div class=\"elementor-element elementor-element-7ac1afb elementor-widget elementor-widget-text-editor\" data-id=\"7ac1afb\" data-element_type=\"widget\" data-e-type=\"widget\" data-widget_type=\"text-editor.default\">\n\t\t\t\t<div class=\"elementor-widget-container\">\n\t\t\t\t\t\t\t\t\t<p>Fondation en 2013 de l\u2019AAGD (\u00ab\u00a0Association des amis de Gilbert Durand\u00a0\u00bb) apr\u00e8s le d\u00e9c\u00e8s de Gilbert Durand.\u00a0 Succession \u00e0 Jean Libis comme pr\u00e9sident de l\u2019 &#8220;Association des Amis de Gaston Bachelard&#8221; qu\u2019il transforme en AIGD (\u00ab\u00a0Association internationale Gaston Bachelard\u00a0\u00bb en 2014). Un Bulletin annuel, est publi\u00e9 suivi de l&#8217;ouverture d&#8217;un site Internet et de la cr\u00e9ation d&#8217;une revue num\u00e9rique biannuelle et trilingue (2020). En 2012 il participe \u00e0 la cr\u00e9ation, \u00e0 l\u2019universit\u00e9 de Cluj-Napoca (Roumanie), du CRI2i (\u00ab\u00a0Centre de recherches internationales sur l\u2019imaginaire\u00a0\u00bb). Celui-ci succ\u00e8de \u00e0 l\u2019ancien CRI grenoblois et qui organise tous les 2 ans un Congr\u00e8s international (Cluj en Roumanie, Porto Alegre au Br\u00e9sil, Hammamet en Tunisie, etc.).<\/p><p>Dans le sillage de ses <em>Questions d\u2019\u00e9thique,<\/em> publi\u00e9es en 1993, au moment de l\u2019\u00e9mergence de la mode \u00e9thique, il s\u2019engage aussi \u00e0 Lyon dans le r\u00e9seau d\u2019\u00e9thique m\u00e9dicale (le \u00ab\u00a0RISES\u00a0\u00bb). Puis il rejoint, comme membre du bureau, l\u2019 &#8220;Espace \u00e9thique Rh\u00f4ne-Alpes\u00a0\u00bb et en 2017 de l\u2019 &#8220;Espace \u00e9thique azur\u00e9en&#8221; au CHU de Nice.<\/p><p>Invit\u00e9 \u00e0 l\u2019Universit\u00e9 libre de Bruxelles comme conf\u00e9rencier en 2003 \u00e0 la chaire Chaim Perelman (sur le th\u00e8me la nouvelle rationalit\u00e9 confront\u00e9e \u00e0 la civilisation de l\u2019image). Et en 2017 \u00e0 la chaire Verhagen (sur l\u2019imaginaire de la culture ma\u00e7onnique).<\/p><p>Il codirige depuis 2010 avec Valentina Tirloni la collection <em>Transversales philosophiques<\/em> chez EME (Louvain-la-neuve).<\/p>\t\t\t\t\t\t\t\t<\/div>\n\t\t\t\t<\/div>\n\t\t\t\t\t<\/div>\n\t\t\t\t<\/div>\n\t\t<div class=\"elementor-element elementor-element-68e7c77 e-flex e-con-boxed e-con e-parent\" data-id=\"68e7c77\" data-element_type=\"container\" data-e-type=\"container\">\n\t\t\t\t\t<div class=\"e-con-inner\">\n\t\t\t\t<div class=\"elementor-element elementor-element-cb25cd8 elementor-widget-divider--view-line elementor-widget elementor-widget-divider\" data-id=\"cb25cd8\" data-element_type=\"widget\" data-e-type=\"widget\" data-widget_type=\"divider.default\">\n\t\t\t\t<div class=\"elementor-widget-container\">\n\t\t\t\t\t\t\t<div class=\"elementor-divider\">\n\t\t\t<span class=\"elementor-divider-separator\">\n\t\t\t\t\t\t<\/span>\n\t\t<\/div>\n\t\t\t\t\t\t<\/div>\n\t\t\t\t<\/div>\n\t\t\t\t\t<\/div>\n\t\t\t\t<\/div>\n\t\t<div class=\"elementor-element elementor-element-f354e53 e-flex e-con-boxed e-con e-parent\" data-id=\"f354e53\" data-element_type=\"container\" data-e-type=\"container\">\n\t\t\t\t\t<div class=\"e-con-inner\">\n\t\t\t\t\t<\/div>\n\t\t\t\t<\/div>\n\t\t\t\t<\/div>\n\t\t","protected":false},"excerpt":{"rendered":"<p>Travail universitaire Travail universitaire en engagements \u00e0 la Facult\u00e9 de Dijon \/ 1976-1999 Le travail universitaire de Jean-Jacques Wunenburger d\u00e9bute en 1976 \u00e0 Dijon. Sp\u00e9cialiste de l&#8217;image et du sacr\u00e9 il comptabilise plus de 80 directions de th\u00e8ses. \u00c0 c\u00f4t\u00e9 d\u2019enseignements d\u2019histoire de la philosophie et de philosophie g\u00e9n\u00e9rale, il \u00e9tend ses recherches au sein<\/p>\n<div class=\"more-link\">\n\t\t\t\t <a href=\"https:\/\/jean-jacques-wunenburger.com\/index.php\/travail-universitaire-jean-jacques-wunenburger\/\" class=\"link-btn theme-btn\"><span>Read More <\/span> <i class=\"fa fa-caret-right\"><\/i><\/a>\n\t\t\t<\/div>\n","protected":false},"author":1,"featured_media":0,"parent":0,"menu_order":0,"comment_status":"closed","ping_status":"closed","template":"","meta":{"om_disable_all_campaigns":false,"_monsterinsights_skip_tracking":false,"_monsterinsights_sitenote_active":false,"_monsterinsights_sitenote_note":"","_monsterinsights_sitenote_category":0,"_uf_show_specific_survey":0,"_uf_disable_surveys":false,"footnotes":""},"class_list":["post-76","page","type-page","status-publish","hentry"],"aioseo_notices":[],"yoast_head":"<!-- This site is optimized with the Yoast SEO plugin v27.4 - https:\/\/yoast.com\/product\/yoast-seo-wordpress\/ -->\n<title>Travail universitaire - Jean-Jacques Wunenburger<\/title>\n<meta name=\"description\" content=\"travail universitaire de Jean-Jacques Wunenburger, directions de th\u00e8ses, recherches, universit\u00e9s de Bourgogne et de Lyon 3\" \/>\n<meta name=\"robots\" content=\"index, follow, max-snippet:-1, max-image-preview:large, max-video-preview:-1\" \/>\n<link rel=\"canonical\" href=\"https:\/\/jean-jacques-wunenburger.com\/index.php\/travail-universitaire-jean-jacques-wunenburger\/\" \/>\n<meta property=\"og:locale\" content=\"en_US\" \/>\n<meta property=\"og:type\" content=\"article\" \/>\n<meta property=\"og:title\" content=\"Travail universitaire - Jean-Jacques Wunenburger\" \/>\n<meta property=\"og:description\" content=\"travail universitaire de Jean-Jacques Wunenburger, directions de th\u00e8ses, recherches, universit\u00e9s de Bourgogne et de Lyon 3\" \/>\n<meta property=\"og:url\" content=\"https:\/\/jean-jacques-wunenburger.com\/index.php\/travail-universitaire-jean-jacques-wunenburger\/\" \/>\n<meta property=\"og:site_name\" content=\"Jean-Jacques Wunenburger\" \/>\n<meta property=\"article:modified_time\" content=\"2023-09-17T13:46:53+00:00\" \/>\n<meta name=\"twitter:card\" content=\"summary_large_image\" \/>\n<meta name=\"twitter:label1\" content=\"Est. reading time\" \/>\n\t<meta name=\"twitter:data1\" content=\"6 minutes\" \/>\n<script type=\"application\/ld+json\" class=\"yoast-schema-graph\">{\"@context\":\"https:\\\/\\\/schema.org\",\"@graph\":[{\"@type\":\"WebPage\",\"@id\":\"https:\\\/\\\/jean-jacques-wunenburger.com\\\/index.php\\\/travail-universitaire-jean-jacques-wunenburger\\\/\",\"url\":\"https:\\\/\\\/jean-jacques-wunenburger.com\\\/index.php\\\/travail-universitaire-jean-jacques-wunenburger\\\/\",\"name\":\"Travail universitaire - Jean-Jacques Wunenburger\",\"isPartOf\":{\"@id\":\"https:\\\/\\\/jean-jacques-wunenburger.com\\\/#website\"},\"datePublished\":\"2023-02-18T16:34:40+00:00\",\"dateModified\":\"2023-09-17T13:46:53+00:00\",\"description\":\"travail universitaire de Jean-Jacques Wunenburger, directions de th\u00e8ses, recherches, universit\u00e9s de Bourgogne et de Lyon 3\",\"breadcrumb\":{\"@id\":\"https:\\\/\\\/jean-jacques-wunenburger.com\\\/index.php\\\/travail-universitaire-jean-jacques-wunenburger\\\/#breadcrumb\"},\"inLanguage\":\"en-US\",\"potentialAction\":[{\"@type\":\"ReadAction\",\"target\":[\"https:\\\/\\\/jean-jacques-wunenburger.com\\\/index.php\\\/travail-universitaire-jean-jacques-wunenburger\\\/\"]}]},{\"@type\":\"BreadcrumbList\",\"@id\":\"https:\\\/\\\/jean-jacques-wunenburger.com\\\/index.php\\\/travail-universitaire-jean-jacques-wunenburger\\\/#breadcrumb\",\"itemListElement\":[{\"@type\":\"ListItem\",\"position\":1,\"name\":\"Accueil\",\"item\":\"https:\\\/\\\/jean-jacques-wunenburger.com\\\/\"},{\"@type\":\"ListItem\",\"position\":2,\"name\":\"Travail universitaire\"}]},{\"@type\":\"WebSite\",\"@id\":\"https:\\\/\\\/jean-jacques-wunenburger.com\\\/#website\",\"url\":\"https:\\\/\\\/jean-jacques-wunenburger.com\\\/\",\"name\":\"Jean-Jacques Wunenburger\",\"description\":\"Philosophe, Professeur \u00e9m\u00e9rite\",\"potentialAction\":[{\"@type\":\"SearchAction\",\"target\":{\"@type\":\"EntryPoint\",\"urlTemplate\":\"https:\\\/\\\/jean-jacques-wunenburger.com\\\/?s={search_term_string}\"},\"query-input\":{\"@type\":\"PropertyValueSpecification\",\"valueRequired\":true,\"valueName\":\"search_term_string\"}}],\"inLanguage\":\"en-US\"}]}<\/script>\n<!-- \/ Yoast SEO plugin. -->","yoast_head_json":{"title":"Travail universitaire - Jean-Jacques Wunenburger","description":"travail universitaire de Jean-Jacques Wunenburger, directions de th\u00e8ses, recherches, universit\u00e9s de Bourgogne et de Lyon 3","robots":{"index":"index","follow":"follow","max-snippet":"max-snippet:-1","max-image-preview":"max-image-preview:large","max-video-preview":"max-video-preview:-1"},"canonical":"https:\/\/jean-jacques-wunenburger.com\/index.php\/travail-universitaire-jean-jacques-wunenburger\/","og_locale":"en_US","og_type":"article","og_title":"Travail universitaire - Jean-Jacques Wunenburger","og_description":"travail universitaire de Jean-Jacques Wunenburger, directions de th\u00e8ses, recherches, universit\u00e9s de Bourgogne et de Lyon 3","og_url":"https:\/\/jean-jacques-wunenburger.com\/index.php\/travail-universitaire-jean-jacques-wunenburger\/","og_site_name":"Jean-Jacques Wunenburger","article_modified_time":"2023-09-17T13:46:53+00:00","twitter_card":"summary_large_image","twitter_misc":{"Est. reading time":"6 minutes"},"schema":{"@context":"https:\/\/schema.org","@graph":[{"@type":"WebPage","@id":"https:\/\/jean-jacques-wunenburger.com\/index.php\/travail-universitaire-jean-jacques-wunenburger\/","url":"https:\/\/jean-jacques-wunenburger.com\/index.php\/travail-universitaire-jean-jacques-wunenburger\/","name":"Travail universitaire - Jean-Jacques Wunenburger","isPartOf":{"@id":"https:\/\/jean-jacques-wunenburger.com\/#website"},"datePublished":"2023-02-18T16:34:40+00:00","dateModified":"2023-09-17T13:46:53+00:00","description":"travail universitaire de Jean-Jacques Wunenburger, directions de th\u00e8ses, recherches, universit\u00e9s de Bourgogne et de Lyon 3","breadcrumb":{"@id":"https:\/\/jean-jacques-wunenburger.com\/index.php\/travail-universitaire-jean-jacques-wunenburger\/#breadcrumb"},"inLanguage":"en-US","potentialAction":[{"@type":"ReadAction","target":["https:\/\/jean-jacques-wunenburger.com\/index.php\/travail-universitaire-jean-jacques-wunenburger\/"]}]},{"@type":"BreadcrumbList","@id":"https:\/\/jean-jacques-wunenburger.com\/index.php\/travail-universitaire-jean-jacques-wunenburger\/#breadcrumb","itemListElement":[{"@type":"ListItem","position":1,"name":"Accueil","item":"https:\/\/jean-jacques-wunenburger.com\/"},{"@type":"ListItem","position":2,"name":"Travail universitaire"}]},{"@type":"WebSite","@id":"https:\/\/jean-jacques-wunenburger.com\/#website","url":"https:\/\/jean-jacques-wunenburger.com\/","name":"Jean-Jacques Wunenburger","description":"Philosophe, Professeur \u00e9m\u00e9rite","potentialAction":[{"@type":"SearchAction","target":{"@type":"EntryPoint","urlTemplate":"https:\/\/jean-jacques-wunenburger.com\/?s={search_term_string}"},"query-input":{"@type":"PropertyValueSpecification","valueRequired":true,"valueName":"search_term_string"}}],"inLanguage":"en-US"}]}},"_links":{"self":[{"href":"https:\/\/jean-jacques-wunenburger.com\/index.php\/wp-json\/wp\/v2\/pages\/76","targetHints":{"allow":["GET"]}}],"collection":[{"href":"https:\/\/jean-jacques-wunenburger.com\/index.php\/wp-json\/wp\/v2\/pages"}],"about":[{"href":"https:\/\/jean-jacques-wunenburger.com\/index.php\/wp-json\/wp\/v2\/types\/page"}],"author":[{"embeddable":true,"href":"https:\/\/jean-jacques-wunenburger.com\/index.php\/wp-json\/wp\/v2\/users\/1"}],"replies":[{"embeddable":true,"href":"https:\/\/jean-jacques-wunenburger.com\/index.php\/wp-json\/wp\/v2\/comments?post=76"}],"version-history":[{"count":133,"href":"https:\/\/jean-jacques-wunenburger.com\/index.php\/wp-json\/wp\/v2\/pages\/76\/revisions"}],"predecessor-version":[{"id":1283,"href":"https:\/\/jean-jacques-wunenburger.com\/index.php\/wp-json\/wp\/v2\/pages\/76\/revisions\/1283"}],"wp:attachment":[{"href":"https:\/\/jean-jacques-wunenburger.com\/index.php\/wp-json\/wp\/v2\/media?parent=76"}],"curies":[{"name":"wp","href":"https:\/\/api.w.org\/{rel}","templated":true}]}}